{"id":84,"date":"2020-06-07T18:34:17","date_gmt":"2020-06-07T16:34:17","guid":{"rendered":"http:\/\/bip.asiis.edu.pl\/?page_id=84"},"modified":"2026-04-17T14:24:31","modified_gmt":"2026-04-17T12:24:31","slug":"obslugiwane-placowki","status":"publish","type":"page","link":"http:\/\/bip.asiis.edu.pl\/?page_id=84","title":{"rendered":"Obs\u0142ugiwane plac\u00f3wki"},"content":{"rendered":"\t\t<div data-elementor-type=\"wp-page\" data-elementor-id=\"84\" class=\"elementor elementor-84\" data-elementor-post-type=\"page\">\n\t\t\t\t\t\t<section class=\"elementor-section elementor-top-section elementor-element elementor-element-3e56cb9 elementor-section-boxed elementor-section-height-default elementor-section-height-default\" data-id=\"3e56cb9\" data-element_type=\"section\">\n\t\t\t\t\t\t<div class=\"elementor-container elementor-column-gap-default\">\n\t\t\t\t\t<div class=\"elementor-column elementor-col-50 elementor-top-column elementor-element elementor-element-32ea2a5\" data-id=\"32ea2a5\" data-element_type=\"column\">\n\t\t\t<div class=\"elementor-widget-wrap elementor-element-populated\">\n\t\t\t\t\t\t<div class=\"elementor-element elementor-element-cc40186 elementor-widget elementor-widget-heading\" data-id=\"cc40186\" data-element_type=\"widget\" data-widget_type=\"heading.default\">\n\t\t\t\t<div class=\"elementor-widget-container\">\n\t\t\t<h2 class=\"elementor-heading-title elementor-size-large\">Organ prowadz\u0105cy<\/h2>\t\t<\/div>\n\t\t\t\t<\/div>\n\t\t\t\t<div class=\"elementor-element elementor-element-9d41e1e elementor-widget elementor-widget-text-editor\" data-id=\"9d41e1e\" data-element_type=\"widget\" data-widget_type=\"text-editor.default\">\n\t\t\t\t<div class=\"elementor-widget-container\">\n\t\t\t\t\t\t\t<h3>Gmina Chojna<\/h3><p><strong>Barbara Rawecka<\/strong><br \/>Burmistrz Gminy Chojna<\/p><p>Kontakt:<\/p><p>(091) 414 10 35<br \/>(091) 414 12 95<\/p>\t\t\t\t\t\t<\/div>\n\t\t\t\t<\/div>\n\t\t\t\t\t<\/div>\n\t\t<\/div>\n\t\t\t\t<div class=\"elementor-column elementor-col-50 elementor-top-column elementor-element elementor-element-c724efd\" data-id=\"c724efd\" data-element_type=\"column\">\n\t\t\t<div class=\"elementor-widget-wrap elementor-element-populated\">\n\t\t\t\t\t\t<div class=\"elementor-element elementor-element-250894e elementor-widget elementor-widget-heading\" data-id=\"250894e\" data-element_type=\"widget\" data-widget_type=\"heading.default\">\n\t\t\t\t<div class=\"elementor-widget-container\">\n\t\t\t<h2 class=\"elementor-heading-title elementor-size-large\">Organ nadzoruj\u0105cy<\/h2>\t\t<\/div>\n\t\t\t\t<\/div>\n\t\t\t\t<div class=\"elementor-element elementor-element-9c162cd elementor-widget elementor-widget-text-editor\" data-id=\"9c162cd\" data-element_type=\"widget\" data-widget_type=\"text-editor.default\">\n\t\t\t\t<div class=\"elementor-widget-container\">\n\t\t\t\t\t\t\t<h3>Kuratorium O\u015bwiaty<br \/>w Szczecinie<\/h3><p><strong>Pawe\u0142 Palczy\u0144ski<br \/><\/strong>Zachodniopomorski Kurator O\u015bwiaty<\/p><p>Kontakt:<\/p><p>(91) 442 75 00<\/p>\t\t\t\t\t\t<\/div>\n\t\t\t\t<\/div>\n\t\t\t\t\t<\/div>\n\t\t<\/div>\n\t\t\t\t\t<\/div>\n\t\t<\/section>\n\t\t\t\t<section class=\"elementor-section elementor-top-section elementor-element elementor-element-8dc3ee3 elementor-section-boxed elementor-section-height-default elementor-section-height-default\" data-id=\"8dc3ee3\" data-element_type=\"section\">\n\t\t\t\t\t\t<div class=\"elementor-container elementor-column-gap-default\">\n\t\t\t\t\t<div class=\"elementor-column elementor-col-50 elementor-top-column elementor-element elementor-element-a3b8e35\" data-id=\"a3b8e35\" data-element_type=\"column\">\n\t\t\t<div class=\"elementor-widget-wrap elementor-element-populated\">\n\t\t\t\t\t\t<div class=\"elementor-element elementor-element-ecc6b05 elementor-widget elementor-widget-text-editor\" data-id=\"ecc6b05\" data-element_type=\"widget\" data-widget_type=\"text-editor.default\">\n\t\t\t\t<div class=\"elementor-widget-container\">\n\t\t\t\t\t\t\t<h4>Szko\u0142a Podstawowa <br \/>nr 1 im.\u00a0Janusza Korczaka w\u00a0Chojnie<br \/>ul. Szkolna 15<br \/>74-500 Chojna<\/h4>\t\t\t\t\t\t<\/div>\n\t\t\t\t<\/div>\n\t\t\t\t<div class=\"elementor-element elementor-element-7b32f19 elementor-widget elementor-widget-text-editor\" data-id=\"7b32f19\" data-element_type=\"widget\" data-widget_type=\"text-editor.default\">\n\t\t\t\t<div class=\"elementor-widget-container\">\n\t\t\t\t\t\t\t<p><strong style=\"font-family: Roboto, sans-serif; font-size: 19px;\">Wioletta Jesio\u0142owska<\/strong><span style=\"font-family: Roboto, sans-serif; font-weight: 400; font-size: 19px;\">\u00a0<br \/><\/span>Dyrektor Szko\u0142y<\/p><p><strong>Ewa Kaniewska<\/strong><br \/><strong>Anita Porczy\u0144ska<\/strong><br \/>Zast\u0119pca Dyrektora<\/p><p>Kontakt:<\/p><p>(091) 414 36 26<\/p><p>(091) 414 39 55<\/p><p>Z-ca Dyrektora\u00a0\u00a0\u00a0\u00a0\u00a0 <strong>34<br \/><\/strong>Pedagog\u00a0\u00a0\u00a0\u00a0\u00a0\u00a0\u00a0\u00a0\u00a0\u00a0\u00a0\u00a0\u00a0\u00a0\u00a0\u00a0 <strong>36<br \/><\/strong>\u015awietlica\u00a0\u00a0\u00a0\u00a0\u00a0\u00a0\u00a0\u00a0\u00a0\u00a0\u00a0\u00a0\u00a0\u00a0\u00a0 <strong>38<\/strong><\/p><p><a href=\"mailto:korczakchojna@wp.pl\">korczakchojna@wp.pl<\/a><\/p><p>Strony internetowe:<\/p><p><a href=\"https:\/\/korczakchojna.edupage.org\">https:\/\/korczakchojna.edupage.org<\/a><\/p><p><a href=\"http:\/\/bipsp1chojna.asiis.edu.pl\/\">https:\/\/bipsp1chojna.asiis.edu.pl<\/a><br \/><br \/><\/p>\t\t\t\t\t\t<\/div>\n\t\t\t\t<\/div>\n\t\t\t\t\t<\/div>\n\t\t<\/div>\n\t\t\t\t<div class=\"elementor-column elementor-col-50 elementor-top-column elementor-element elementor-element-34633a3\" data-id=\"34633a3\" data-element_type=\"column\">\n\t\t\t<div class=\"elementor-widget-wrap elementor-element-populated\">\n\t\t\t\t\t\t<div class=\"elementor-element elementor-element-560995a elementor-widget elementor-widget-text-editor\" data-id=\"560995a\" data-element_type=\"widget\" data-widget_type=\"text-editor.default\">\n\t\t\t\t<div class=\"elementor-widget-container\">\n\t\t\t\t\t\t\t<h4>Szko\u0142a Podstawowa nr 2 im.\u00a0Kornela Makuszy\u0144skiego w Chojnie<br \/>ul. \u017bwirki i Wigury 10<br \/>74-500 Chojna<\/h4>\t\t\t\t\t\t<\/div>\n\t\t\t\t<\/div>\n\t\t\t\t<div class=\"elementor-element elementor-element-1138f75 elementor-widget elementor-widget-text-editor\" data-id=\"1138f75\" data-element_type=\"widget\" data-widget_type=\"text-editor.default\">\n\t\t\t\t<div class=\"elementor-widget-container\">\n\t\t\t\t\t\t\t<p><span style=\"font-family: Roboto, sans-serif; font-weight: 400; font-size: 19px;\"><strong>Edyta Kalarus<\/strong> <br \/><\/span>Dyrektor Szko\u0142y<\/p><p><b>Monika Karolczyk<\/b><br \/><strong>Jolanta \u0141osowska<\/strong><br \/>Zast\u0119pca Dyrektora<\/p><p>Kontakt:<\/p><p>(91) 414 27 03<\/p><p>Z-ca dyrektora\u00a0\u00a0\u00a0\u00a0\u00a0\u00a0 <strong>23, 39<br \/><\/strong>Pedagog\u00a0\u00a0\u00a0\u00a0\u00a0\u00a0\u00a0\u00a0\u00a0\u00a0\u00a0\u00a0\u00a0\u00a0\u00a0\u00a0 <strong>22<br \/><\/strong>Sekretariat\u00a0\u00a0\u00a0\u00a0\u00a0\u00a0\u00a0\u00a0\u00a0\u00a0\u00a0\u00a0\u00a0 <strong>20<br \/><\/strong>\u015awietlica \u00a0\u00a0\u00a0\u00a0\u00a0\u00a0\u00a0\u00a0\u00a0\u00a0\u00a0\u00a0\u00a0\u00a0\u00a0<strong>29<\/strong><\/p><p><a href=\"mailto:edytasp2@tlen.pl\">sekretariat@sp2chojna.pl<\/a><\/p><p>edyta_kalarus@sp2chojna.pl<\/p><p>Strony internetowe:\u00a0<\/p><p><a href=\"https:\/\/sp2chojna.edupage.org\/\">https:\/\/sp2chojna.edupage.org\/<\/a><\/p><p><a href=\"http:\/\/bip.sp2chojna.pl\/\">http:\/\/bip.sp2chojna.pl\/<\/a><\/p>\t\t\t\t\t\t<\/div>\n\t\t\t\t<\/div>\n\t\t\t\t\t<\/div>\n\t\t<\/div>\n\t\t\t\t\t<\/div>\n\t\t<\/section>\n\t\t\t\t<section class=\"elementor-section elementor-top-section elementor-element elementor-element-7be3e8d elementor-section-boxed elementor-section-height-default elementor-section-height-default\" data-id=\"7be3e8d\" data-element_type=\"section\">\n\t\t\t\t\t\t<div class=\"elementor-container elementor-column-gap-default\">\n\t\t\t\t\t<div class=\"elementor-column elementor-col-50 elementor-top-column elementor-element elementor-element-d1a61c1\" data-id=\"d1a61c1\" data-element_type=\"column\">\n\t\t\t<div class=\"elementor-widget-wrap elementor-element-populated\">\n\t\t\t\t\t\t<div class=\"elementor-element elementor-element-55b1a5e elementor-widget elementor-widget-text-editor\" data-id=\"55b1a5e\" data-element_type=\"widget\" data-widget_type=\"text-editor.default\">\n\t\t\t\t<div class=\"elementor-widget-container\">\n\t\t\t\t\t\t\t<h4>Bajkowe Przedszkole Miejskie w Chojnie<br \/>Wilsona 10<br \/>74-500 Chojna<\/h4>\t\t\t\t\t\t<\/div>\n\t\t\t\t<\/div>\n\t\t\t\t<div class=\"elementor-element elementor-element-b39f36f elementor-widget elementor-widget-text-editor\" data-id=\"b39f36f\" data-element_type=\"widget\" data-widget_type=\"text-editor.default\">\n\t\t\t\t<div class=\"elementor-widget-container\">\n\t\t\t\t\t\t\t<p><span style=\"font-family: Roboto, sans-serif; font-weight: 400; font-size: 19px;\"><strong>Dorota Stelmach<\/strong><br \/><\/span>Dyrektor<\/p><p><span style=\"font-weight: bolder;\">Sabina Cedro<\/span><br \/>Zast\u0119pca Dyrektora<\/p><p>Kontakt:<\/p><p>(91)414 26 50<br \/>(91)414 19 98<\/p><p>Z-ca Dyrektora\u00a0\u00a0\u00a0\u00a0\u00a0 <strong>23<br \/><\/strong>Sekretariat\u00a0\u00a0\u00a0\u00a0\u00a0\u00a0\u00a0\u00a0\u00a0\u00a0\u00a0\u00a0\u00a0 <strong>21<\/strong><\/p><p class=\"elementor-icon-box-title\"><a href=\"mailto:pmch@poczta.fm\">pmch@poczta.fm<\/a><\/p><p>Strony internetowe:<\/p><p><a href=\"http:\/\/www.przedszkolakichojna.pl\/\">http:\/\/www.przedszkolakichojna.pl<\/a><\/p><p><a href=\"http:\/\/bipbpm.asiis.edu.pl\">http:\/\/bipbpm.asiis.edu.pl<\/a><\/p>\t\t\t\t\t\t<\/div>\n\t\t\t\t<\/div>\n\t\t\t\t\t<\/div>\n\t\t<\/div>\n\t\t\t\t<div class=\"elementor-column elementor-col-50 elementor-top-column elementor-element elementor-element-e1991b7\" data-id=\"e1991b7\" data-element_type=\"column\">\n\t\t\t<div class=\"elementor-widget-wrap elementor-element-populated\">\n\t\t\t\t\t\t<div class=\"elementor-element elementor-element-31260bb elementor-widget elementor-widget-text-editor\" data-id=\"31260bb\" data-element_type=\"widget\" data-widget_type=\"text-editor.default\">\n\t\t\t\t<div class=\"elementor-widget-container\">\n\t\t\t\t\t\t\t<h4>Szko\u0142a Podstawowa im.\u00a0Wsp\u00f3lnej Europy w\u00a0Nawodnej<br \/>Nawodna 93<br \/>74-500 Chojna <\/h4>\t\t\t\t\t\t<\/div>\n\t\t\t\t<\/div>\n\t\t\t\t<div class=\"elementor-element elementor-element-169aeb8 elementor-widget elementor-widget-text-editor\" data-id=\"169aeb8\" data-element_type=\"widget\" data-widget_type=\"text-editor.default\">\n\t\t\t\t<div class=\"elementor-widget-container\">\n\t\t\t\t\t\t\t<p><span style=\"font-family: Roboto, sans-serif; font-weight: 400; font-size: 19px;\"><strong>Ewa Zatorska<\/strong> <br \/><\/span>Dyrektor Szko\u0142y<\/p><p>Kontakt:<\/p><p>(91)414 72 47<\/p><p><a href=\"mailto:spnawodna@o2.pl\">spnawodna@o2.pl<\/a><\/p><p>Strony internetowe:<\/p><p><a href=\"https:\/\/spnawodna.edupage.org\/\">https:\/\/spnawodna.edupage.org<\/a><\/p><p><a href=\"http:\/\/bipspnawodna.asiis.edu.pl\">http:\/\/bipspnawodna.asiis.edu.pl<\/a><\/p><p>\u00a0<\/p><p>\u00a0<\/p><p>\u00a0<\/p>\t\t\t\t\t\t<\/div>\n\t\t\t\t<\/div>\n\t\t\t\t\t<\/div>\n\t\t<\/div>\n\t\t\t\t\t<\/div>\n\t\t<\/section>\n\t\t\t\t<section class=\"elementor-section elementor-top-section elementor-element elementor-element-1ce5475 elementor-section-boxed elementor-section-height-default elementor-section-height-default\" data-id=\"1ce5475\" data-element_type=\"section\">\n\t\t\t\t\t\t<div class=\"elementor-container elementor-column-gap-default\">\n\t\t\t\t\t<div class=\"elementor-column elementor-col-50 elementor-top-column elementor-element elementor-element-0e82229\" data-id=\"0e82229\" data-element_type=\"column\">\n\t\t\t<div class=\"elementor-widget-wrap elementor-element-populated\">\n\t\t\t\t\t\t<div class=\"elementor-element elementor-element-f7c63c9 elementor-widget elementor-widget-text-editor\" data-id=\"f7c63c9\" data-element_type=\"widget\" data-widget_type=\"text-editor.default\">\n\t\t\t\t<div class=\"elementor-widget-container\">\n\t\t\t\t\t\t\t<h4>Szko\u0142a Podstawowa<br \/>Marii Konopnickiej w\u00a0Grzybnie<br \/>Grzybno 23<br \/>74-500 Chojna<\/h4>\t\t\t\t\t\t<\/div>\n\t\t\t\t<\/div>\n\t\t\t\t<div class=\"elementor-element elementor-element-961da7a elementor-widget elementor-widget-text-editor\" data-id=\"961da7a\" data-element_type=\"widget\" data-widget_type=\"text-editor.default\">\n\t\t\t\t<div class=\"elementor-widget-container\">\n\t\t\t\t\t\t\t<p><strong>Dorota Kowalska<\/strong><br \/>Dyrektor Szko\u0142y<\/p><p>Kontakt:<\/p><p>(91)414 77 95<\/p><p><a href=\"mailto:spgrzybno@op.pl\">spgrzybno@op.pl<\/a><\/p><p>Strony internetowe:<\/p><p><a href=\"http:\/\/spgrzybno.htw.pl\/\">http:\/\/spgrzybno.htw.pl\/<\/a><\/p><p><a href=\"http:\/\/bipspgrzybno.asiis.edu.pl\">http:\/\/bipspgrzybno.asiis.edu.pl<\/a><\/p>\t\t\t\t\t\t<\/div>\n\t\t\t\t<\/div>\n\t\t\t\t\t<\/div>\n\t\t<\/div>\n\t\t\t\t<div class=\"elementor-column elementor-col-50 elementor-top-column elementor-element elementor-element-fd41cab\" data-id=\"fd41cab\" data-element_type=\"column\">\n\t\t\t<div class=\"elementor-widget-wrap\">\n\t\t\t\t\t\t\t<\/div>\n\t\t<\/div>\n\t\t\t\t\t<\/div>\n\t\t<\/section>\n\t\t\t\t<\/div>\n\t\t","protected":false},"excerpt":{"rendered":"<p>Organ prowadz\u0105cy Gmina Chojna Barbara RaweckaBurmistrz Gminy Chojna Kontakt: (091) 414 10 35(091) 414 12 95 Organ nadzoruj\u0105cy Kuratorium O\u015bwiatyw Szczecinie Pawe\u0142 Palczy\u0144skiZachodniopomorski Kurator O\u015bwiaty Kontakt: (91) 442 75 00 Szko\u0142a Podstawowa nr 1 im.\u00a0Janusza Korczaka w\u00a0Chojnieul. Szkolna 1574-500 Chojna Wioletta Jesio\u0142owska\u00a0Dyrektor Szko\u0142y Ewa KaniewskaAnita Porczy\u0144skaZast\u0119pca Dyrektora Kontakt: (091) 414 36 26 (091) 414 39 [&hellip;]<\/p>\n","protected":false},"author":1,"featured_media":0,"parent":0,"menu_order":0,"comment_status":"closed","ping_status":"closed","template":"","meta":{"footnotes":""},"class_list":["post-84","page","type-page","status-publish","hentry"],"_links":{"self":[{"href":"http:\/\/bip.asiis.edu.pl\/index.php?rest_route=\/wp\/v2\/pages\/84","targetHints":{"allow":["GET"]}}],"collection":[{"href":"http:\/\/bip.asiis.edu.pl\/index.php?rest_route=\/wp\/v2\/pages"}],"about":[{"href":"http:\/\/bip.asiis.edu.pl\/index.php?rest_route=\/wp\/v2\/types\/page"}],"author":[{"embeddable":true,"href":"http:\/\/bip.asiis.edu.pl\/index.php?rest_route=\/wp\/v2\/users\/1"}],"replies":[{"embeddable":true,"href":"http:\/\/bip.asiis.edu.pl\/index.php?rest_route=%2Fwp%2Fv2%2Fcomments&post=84"}],"version-history":[{"count":74,"href":"http:\/\/bip.asiis.edu.pl\/index.php?rest_route=\/wp\/v2\/pages\/84\/revisions"}],"predecessor-version":[{"id":3717,"href":"http:\/\/bip.asiis.edu.pl\/index.php?rest_route=\/wp\/v2\/pages\/84\/revisions\/3717"}],"wp:attachment":[{"href":"http:\/\/bip.asiis.edu.pl\/index.php?rest_route=%2Fwp%2Fv2%2Fmedia&parent=84"}],"curies":[{"name":"wp","href":"https:\/\/api.w.org\/{rel}","templated":true}]}}