{"id":836,"date":"2022-01-24T15:13:40","date_gmt":"2022-01-24T14:13:40","guid":{"rendered":"http:\/\/bip.asiis.edu.pl\/?page_id=836"},"modified":"2022-03-07T10:33:42","modified_gmt":"2022-03-07T09:33:42","slug":"rekrutacja-do-przedszkoli-i-publicznych-szkol-podstawowych-na-rok-2022-2023","status":"publish","type":"page","link":"http:\/\/bip.asiis.edu.pl\/?page_id=836","title":{"rendered":"Rekrutacja do przedszkoli i publicznych szk\u00f3\u0142 podstawowych na rok 2022\/2023"},"content":{"rendered":"\t\t<div data-elementor-type=\"wp-page\" data-elementor-id=\"836\" class=\"elementor elementor-836\" data-elementor-post-type=\"page\">\n\t\t\t\t\t\t<section class=\"elementor-section elementor-top-section elementor-element elementor-element-b63540d elementor-section-boxed elementor-section-height-default elementor-section-height-default\" data-id=\"b63540d\" data-element_type=\"section\">\n\t\t\t\t\t\t<div class=\"elementor-container elementor-column-gap-default\">\n\t\t\t\t\t<div class=\"elementor-column elementor-col-100 elementor-top-column elementor-element elementor-element-dbb95fc\" data-id=\"dbb95fc\" data-element_type=\"column\">\n\t\t\t<div class=\"elementor-widget-wrap elementor-element-populated\">\n\t\t\t\t\t\t<div class=\"elementor-element elementor-element-eb64230 elementor-widget elementor-widget-text-editor\" data-id=\"eb64230\" data-element_type=\"widget\" data-widget_type=\"text-editor.default\">\n\t\t\t\t<div class=\"elementor-widget-container\">\n\t\t\t\t\t\t\t<table style=\"width: 542pt;\" border=\"0\" width=\"722\" cellspacing=\"0\" cellpadding=\"0\"><colgroup><col style=\"mso-width-source: userset; mso-width-alt: 1641; width: 36pt;\" width=\"48\" \/> <col style=\"mso-width-source: userset; mso-width-alt: 13086; width: 290pt;\" width=\"386\" \/> <col style=\"mso-width-source: userset; mso-width-alt: 9758; width: 216pt;\" width=\"288\" \/> <\/colgroup><tbody><tr style=\"height: 69.35pt;\"><td class=\"xl68\" style=\"height: 69.35pt; width: 36pt;\" width=\"48\" height=\"92\">Lp.<\/td><td class=\"xl68\" style=\"border-left: none; width: 290pt;\" width=\"386\">Nazwa plac\u00f3wki<\/td><td class=\"xl69\" style=\"border-left: none; width: 216pt;\" width=\"288\">Liczba wolnych miejsc w przedszkolu\/oddzia\u0142ach przedszkolnych &#8211; stan na 28.02.2022 r.<\/td><\/tr><tr style=\"height: 17.7pt;\"><td class=\"xl65\" style=\"height: 17.7pt; border-top: none;\" height=\"24\">1<\/td><td class=\"xl66\" style=\"border-top: none; border-left: none;\">Szko\u0142a Podstawowa nr 1 w Chojnie<\/td><td class=\"xl65\" style=\"border-top: none; border-left: none;\">42<\/td><\/tr><tr style=\"height: 17.7pt;\"><td class=\"xl65\" style=\"height: 17.7pt; border-top: none;\" height=\"24\">2<\/td><td class=\"xl66\" style=\"border-top: none; border-left: none;\">Szko\u0142a Podstawowa nr 2 w Chojnie<\/td><td class=\"xl65\" style=\"border-top: none; border-left: none;\">38<\/td><\/tr><tr style=\"height: 17.7pt;\"><td class=\"xl65\" style=\"height: 17.7pt; border-top: none;\" height=\"24\">3<\/td><td class=\"xl66\" style=\"border-top: none; border-left: none;\">Szko\u0142a Podstawowa w Grzybnie<\/td><td class=\"xl65\" style=\"border-top: none; border-left: none;\">12<\/td><\/tr><tr style=\"height: 17.7pt;\"><td class=\"xl65\" style=\"height: 17.7pt; border-top: none;\" height=\"24\">4<\/td><td class=\"xl66\" style=\"border-top: none; border-left: none;\">Szko\u0142a Podstawowa w Krzymowie<\/td><td class=\"xl65\" style=\"border-top: none; border-left: none;\">15<\/td><\/tr><tr style=\"height: 17.7pt;\"><td class=\"xl65\" style=\"height: 17.7pt; border-top: none;\" height=\"24\">5<\/td><td class=\"xl66\" style=\"border-top: none; border-left: none;\">Szko\u0142a Podstawowa w Nawodnej<\/td><td class=\"xl65\" style=\"border-top: none; border-left: none;\">12<\/td><\/tr><tr style=\"height: 17.7pt;\"><td class=\"xl65\" style=\"height: 17.7pt; border-top: none;\" height=\"24\">6<\/td><td class=\"xl66\" style=\"border-top: none; border-left: none;\">Bajkowe Przedszkole Miejskie w Chojnie<\/td><td class=\"xl65\" style=\"border-top: none; border-left: none;\">85<\/td><\/tr><tr style=\"mso-height-source: userset; height: 27.75pt;\"><td class=\"xl65\" style=\"height: 27.75pt; border-top: none;\" height=\"37\">Suma<\/td><td class=\"xl65\" style=\"border-top: none; border-left: none;\">\u00a0<\/td><td class=\"xl67\" style=\"border-top: none; border-left: none;\">204<\/td><\/tr><\/tbody><\/table>\t\t\t\t\t\t<\/div>\n\t\t\t\t<\/div>\n\t\t\t\t\t<\/div>\n\t\t<\/div>\n\t\t\t\t\t<\/div>\n\t\t<\/section>\n\t\t\t\t<section class=\"elementor-section elementor-top-section elementor-element elementor-element-4b74bfe2 elementor-section-boxed elementor-section-height-default elementor-section-height-default\" data-id=\"4b74bfe2\" data-element_type=\"section\">\n\t\t\t\t\t\t<div class=\"elementor-container elementor-column-gap-default\">\n\t\t\t\t\t<div class=\"elementor-column elementor-col-100 elementor-top-column elementor-element elementor-element-6eb773fa\" data-id=\"6eb773fa\" data-element_type=\"column\">\n\t\t\t<div class=\"elementor-widget-wrap elementor-element-populated\">\n\t\t\t\t\t\t<div class=\"elementor-element elementor-element-37e023de elementor-widget elementor-widget-text-editor\" data-id=\"37e023de\" data-element_type=\"widget\" data-widget_type=\"text-editor.default\">\n\t\t\t\t<div class=\"elementor-widget-container\">\n\t\t\t\t\t\t\t<p><strong>INFORMACJA O NABORZE DO ODDZIA\u0141\u00d3W PRZEDSZKOLNYCH W\u00a0 PUBLICZNYCH SZKO\u0141ACH PODSTAWOWYCH I PRZEDSZKOLA<\/strong><\/p><p><strong>NA ROK SZKOLNY 2022\/2023<\/strong><\/p><p><span style=\"color: var( --e-global-color-text ); font-family: var( --e-global-typography-text-font-family ), Sans-serif; font-weight: var( --e-global-typography-text-font-weight );\">Od dnia <\/span><strong style=\"color: var( --e-global-color-text ); font-family: var( --e-global-typography-text-font-family ), Sans-serif;\">1 marca 2022 r.<\/strong><span style=\"color: var( --e-global-color-text ); font-family: var( --e-global-typography-text-font-family ), Sans-serif; font-weight: var( --e-global-typography-text-font-weight );\"> rozpocznie si\u0119 <\/span><strong style=\"color: var( --e-global-color-text ); font-family: var( --e-global-typography-text-font-family ), Sans-serif;\">rekrutacja<\/strong><span style=\"color: var( --e-global-color-text ); font-family: var( --e-global-typography-text-font-family ), Sans-serif; font-weight: var( --e-global-typography-text-font-weight );\"> do oddzia\u0142\u00f3w przedszkolnych w\u00a0 publicznych szko\u0142ach podstawowych i przedszkola oraz do klas I szk\u00f3\u0142 podstawowych prowadzonych przez Gmin\u0119 Chojna <\/span><strong style=\"color: var( --e-global-color-text ); font-family: var( --e-global-typography-text-font-family ), Sans-serif;\">na rok szkolny 2022\/2023.<\/strong><\/p><p><strong>REKRUTACJA DO ODDZIA\u0141\u00d3W PRZEDSZKOLNYCH W PUBLICZNYCH SZKO\u0141ACH PODSTAWOWYCH I BAJKOWEGO PRZEDSZKOLA MIEJSKIEGO W CHOJNIE<\/strong><\/p><p><strong>od 18 lutego 2022 r. do 25 lutego 2022 r. :<\/strong> z\u0142o\u017cenie przez rodzic\u00f3w deklaracji kontynuacji edukacji przedszkolnej na rok szkolny 2022\/2023<\/p><p><strong>od 01.03.2022 r. do 25.03.2022 r.:<\/strong> z\u0142o\u017cenie wniosku o przyj\u0119cie do oddzia\u0142u przedszkolnego w\u00a0publicznej szkole podstawowej, Bajkowym Przedszkolu Miejskim wraz z\u00a0dokumentami potwierdzaj\u0105cymi spe\u0142nianie przez\u00a0 kandydata warunk\u00f3w lub kryteri\u00f3w branych pod uwag\u0119 w\u00a0post\u0119powaniu rekrutacyjnym<\/p><p><strong>od 28.03.2022 r. do 01.04.2022 r.: <\/strong>weryfikacja przez komisj\u0119 rekrutacyjn\u0105 wniosk\u00f3w o przyj\u0119cie do\u00a0 oddzia\u0142u przedszkolnego w publicznej szkole podstawowej, Bajkowego Przedszkola Miejskiego i\u00a0 dokument\u00f3w potwierdzaj\u0105cych spe\u0142nianie przez kandydata warunk\u00f3w lub kryteri\u00f3w branych pod uwag\u0119 w post\u0119powaniu rekrutacyjnym, w tym dokonanie przez przewodnicz\u0105cego komisji rekrutacyjnej czynno\u015bci, o\u00a0kt\u00f3rych mowa w <strong>art.<\/strong> <strong>150 ust. 7 ustawy z dnia 14 grudnia 2016r. Prawo o\u015bwiatowe<\/strong><\/p><p><strong>do 06.04.2022 r.: <\/strong>podanie do publicznej wiadomo\u015bci przez komisj\u0119 rekrutacyjn\u0105 listy kandydat\u00f3w zakwalifikowanych i\u00a0kandydat\u00f3w niezakwalifikowanych<\/p><p><strong>od 07.04.2022 r. do 13.04.2022 r.: <\/strong>potwierdzenie przez rodzica kandydata woli przyj\u0119cia w postaci pisemnego o\u015bwiadczenia, <strong>Niez\u0142o\u017cenie o\u015bwiadczenia jest jednoznaczne z rezygnacj\u0105 z miejsca w\u00a0 przedszkolu, oddziale przedszkolnym w publicznej szkole podstawowej<\/strong><\/p><p><strong>19.04.2022 r.: <\/strong>podanie do publicznej wiadomo\u015bci przez komisj\u0119 rekrutacyjn\u0105 listy kandydat\u00f3w przyj\u0119tych i\u00a0kandydat\u00f3w nieprzyj\u0119tych<\/p><p><strong>Lista kandydat\u00f3w zakwalifikowanych i niezakwalifikowanych oraz przyj\u0119tych i\u00a0 nieprzyj\u0119tych zostanie umieszczona w widocznym miejscu w siedzibie plac\u00f3wki w\u00a0 kolejno\u015bci alfabetycznej oraz na stronie internetowej danej plac\u00f3wki.<\/strong><\/p><p><strong>Szczeg\u00f3\u0142owe informacje mo\u017cna uzyska\u0107 w publicznych szko\u0142ach podstawowych, w\u00a0 kt\u00f3rych utworzono oddzia\u0142y przedszkolne:<\/strong><\/p><ol><li>Publiczna Szko\u0142a Podstawowa nr 1 im. Janusza Korczaka w Chojnie, Szkolna 15,<br \/>\u00a0tel.91 414 39 55 lub 91\u00a0414 36 26<\/li><\/ol><ol start=\"2\"><li>Publiczna Szko\u0142a Podstawowa nr 2 im. Kornela Makuszy\u0144skiego w Chojnie, <br \/>ul. \u017bwirki i\u00a0 Wigury 10, tel. 91\u00a0414 27 03<\/li><li>Publiczna Szko\u0142a Podstawowa im. Olimpijczyk\u00f3w Polskich w Krzymowie, Krzym\u00f3w 29, <br \/>tel.91 414 33 26<\/li><li>Publiczna Szko\u0142a Podstawowa im. Wsp\u00f3lnej Europy w Nawodnej, Nawodna 93, <br \/>tel. 91\u00a0414 72 47<\/li><li>Publiczna Szko\u0142a Podstawowa im. Marii Konopnickiej w Grzybnie, Grzybno 23,<br \/><span style=\"color: var( --e-global-color-text ); font-family: var( --e-global-typography-text-font-family ), Sans-serif; font-weight: var( --e-global-typography-text-font-weight );\">tel. 91\u00a0414 77 95<\/span><\/li><li>Bajkowym Przedszkolu Miejskim w Chojnie, ul. Wilsona 10,\u00a0<br \/><span style=\"color: var( --e-global-color-text ); font-family: var( --e-global-typography-text-font-family ), Sans-serif; font-weight: var( --e-global-typography-text-font-weight );\">tel. 91 414 26 50<\/span><\/li><\/ol><p><strong>W rekrutacji<\/strong> o przyj\u0119cie do przedszkola, oddzia\u0142\u00f3w przedszkolnych w publicznych szko\u0142ach podstawowych uczestnicz\u0105 dzieci zamieszkuj\u0105ce wraz z rodzicami na terenie gminy Chojna, w\u00a0wieku 3-6 lat, kt\u00f3re w roku szkolnym 2021\/2022 nie ucz\u0119szcza\u0142y do oddzia\u0142\u00f3w przedszkolnych w publicznych szko\u0142ach podstawowych i przedszkolu.<\/p><p>Kandydaci zamieszkali poza obszarem gminy mog\u0105 by\u0107 przyj\u0119ci do przedszkola, oddzia\u0142u przedszkolnego w publicznej szkole podstawowej na terenie gminy Chojna, je\u017celi po przeprowadzeniu post\u0119powania rekrutacyjnego gmina nadal dysponuje wolnymi miejscami w\u00a0 tym przedszkolu, oddziale przedszkolnym w publicznej szkole podstawowej.<\/p><p>Z dniem <strong>01 wrze\u015bnia 2022 r.<\/strong> na wniosek rodzic\u00f3w edukacj\u0119 przedszkoln\u0105 mog\u0105 rozpocz\u0105\u0107 dzieci w wieku <strong>3-6 lat<\/strong> i maj\u0105 prawo do korzystania z wychowania przedszkolnego w\u00a0 przedszkolu, oddziale przedszkolnym w publicznej szkole podstawowej.<\/p><p><strong>Natomiast w roku szkolnym 2022\/2023 dziecko w wieku 6 lat jest obowi\u0105zane odby\u0107 roczne przygotowanie przedszkolne.<\/strong><\/p><p><strong>Do przedszkola, oddzia\u0142u przedszkolnego w publicznej szkole podstawowej <\/strong>przyjmuje si\u0119 kandydat\u00f3w zamieszka\u0142ych na terenie gminy Chojna. W przypadku wi\u0119kszej liczby kandydat\u00f3w, ni\u017c liczba wolnych miejsc w przedszkolu, oddziale przedszkolnym w publicznej szkole podstawowej, na pierwszym etapie post\u0119powania rekrutacyjnego s\u0105 brane pod uwag\u0119 \u0142\u0105cznie nast\u0119puj\u0105ce kryteria (art. 131 ust. 2 ustawy &#8211; Prawo o\u015bwiatowe):<\/p><ul><li><span style=\"color: var( --e-global-color-text ); font-family: var( --e-global-typography-text-font-family ), Sans-serif; font-weight: var( --e-global-typography-text-font-weight );\">wielodzietno\u015b\u0107 rodziny kandydata;<\/span><\/li><li>niepe\u0142nosprawno\u015b\u0107 kandydata;<\/li><li>niepe\u0142nosprawno\u015b\u0107 jednego z rodzic\u00f3w kandydata;<\/li><li>niepe\u0142nosprawno\u015b\u0107 obojga rodzic\u00f3w kandydata;<\/li><li>niepe\u0142nosprawno\u015b\u0107 rodze\u0144stwa kandydata;<\/li><li>samotne wychowywanie kandydata w rodzinie;<\/li><li>obj\u0119cie kandydata piecz\u0105 zast\u0119pcz\u0105.<\/li><\/ul><p>Zgodnie z art. 4 pkt 42 i 43 ustawy Prawo o\u015bwiatowe <strong>wielodzietno\u015b\u0107 rodziny<\/strong> \u2013 oznacza to\u00a0 rodzin\u0119 wychowuj\u0105c\u0105 troje i wi\u0119cej dzieci, natomiast <strong>samotne wychowywanie dziecka<\/strong> \u2013 oznacza to wychowywanie dziecka przez pann\u0119, kawalera, wdow\u0119, wdowca, osob\u0119 pozostaj\u0105c\u0105 w separacji orzeczonej prawomocnym wyrokiem s\u0105du, osob\u0119 rozwiedzion\u0105, chyba \u017ce osoba taka wychowuje wsp\u00f3lnie co najmniej jedno dziecko z jego rodzicem.<\/p><p>Do wniosku o przyj\u0119cie dziecka do przedszkola, oddzia\u0142u przedszkolnego w publicznej szkole podstawowej do\u0142\u0105cza si\u0119 nast\u0119puj\u0105ce dokumenty potwierdzaj\u0105ce spe\u0142nianie przez kandydata <strong>kryteri\u00f3w okre\u015blonych w art. 131 ust. 2 <\/strong>ustawy &#8211; Prawo o\u015bwiatowe:<\/p><ul><li>o\u015bwiadczenie o wielodzietno\u015bci rodziny kandydata (<a href=\"http:\/\/bip.asiis.edu.pl\/wp-content\/uploads\/2022\/01\/Oswiadczenie_nr_2.docx\">o\u015bwiadczenie nr 2<\/a>)<\/li><li>orzeczenie o potrzebie kszta\u0142cenia specjalnego wydane ze wzgl\u0119du na niepe\u0142nosprawno\u015b\u0107, orzeczenie o niepe\u0142nosprawno\u015bci lub o stopniu niepe\u0142nosprawno\u015bci lub orzeczenie r\u00f3wnowa\u017cne w rozumieniu przepis\u00f3w ustawy z dnia 27 sierpnia 1997 r. o rehabilitacji zawodowej i\u00a0 spo\u0142ecznej oraz zatrudnianiu os\u00f3b niepe\u0142nosprawnych (Dz. U. z 2021 r. poz. 573 ze zm.);<\/li><li>prawomocny wyrok sadu rodzinnego orzekaj\u0105cy rozw\u00f3d lub separacj\u0119 lub akt zgonu oraz o\u015bwiadczenie o samotnym wychowywaniu dziecka oraz niewychowywaniu \u017cadnego dziecka wsp\u00f3lnie z jego rodzicem (<a href=\"http:\/\/bip.asiis.edu.pl\/wp-content\/uploads\/2022\/01\/Oswiadczenie_nr_3.docx\">o\u015bwiadczenie nr 3<\/a>)<\/li><li>dokument po\u015bwiadczaj\u0105cy obj\u0119cie dziecka piecz\u0105 zast\u0119pcz\u0105 zgodnie z ustaw\u0105 z dnia 9\u00a0 czerwca 2011 r. o wspieraniu rodziny i systemie pieczy zast\u0119pczej (Dz. U. z 2020 r. poz. 821 ze zm.).<\/li><\/ul><p>Kryteria potwierdza si\u0119 za pomoc\u0105 dokument\u00f3w sk\u0142adanych w postaci (do wyboru): orygina\u0142u, notarialnie po\u015bwiadczonej kopii, albo w postaci urz\u0119dowo po\u015bwiadczonego, zgodnie z art. 76a \u00a7 1 ustawy z dnia 14 czerwca 1960 r. \u2013 Kodeks post\u0119powania administracyjnego &#8211; odpisu lub wyci\u0105gu z dokumentu, a tak\u017ce kopii po\u015bwiadczonej za zgodno\u015b\u0107 z orygina\u0142em przez rodzica kandydata. <strong>W przypadku otrzymania przez dziecko r\u00f3wnorz\u0119dnych wynik\u00f3w uzyskanych na pierwszym etapie post\u0119powania rekrutacyjnego, a przedszkole, oddzia\u0142 przedszkolny w publicznej szkole podstawowej dysponuje wolnymi miejscami, w drugim etapie rekrutacji b\u0119d\u0105 brane pod uwag\u0119 dodatkowe kryteria <\/strong><strong>okre\u015blone w <a href=\"http:\/\/bip.asiis.edu.pl\/wp-content\/uploads\/2022\/01\/Uchwala_kryteria_rekrtuacji_2020-1.docx\">Uchwale Nr\u00a0XXVI\/200\/2020 Rady Miejskiej w Chojnie z dnia 17 grudni 2020 r. (Dz. Urz. Woj. Zachodniopomorskiego z 2021, poz. 137<\/a>) <\/strong>w sprawie okre\u015blenia kryteri\u00f3w rekrutacji do przedszkola, oddzia\u0142\u00f3w przedszkolnych w\u00a0 szko\u0142ach podstawowych i\u00a0szk\u00f3\u0142 podstawowych, dla kt\u00f3rych organem prowadz\u0105cym jest Gmina Chojna:<\/p><ul><li>Kandydat, kt\u00f3rego oboje rodzice (opiekunowie prawni) s\u0105 zatrudnieni na\u00a0 podstawie umowy o prac\u0119 lub cywilnoprawnej, prowadz\u0105 pozarolnicz\u0105 dzia\u0142alno\u015b\u0107 gospodarcz\u0105 lub prowadz\u0105 gospodarstwo rolne albo studiuj\u0105, ucz\u0105 si\u0119 w trybie dziennym. Kryterium stosuje si\u0119 r\u00f3wnie\u017c do rodzica (opiekuna prawnego) samotnie wychowuj\u0105cego dziecko-<strong>10 pkt<\/strong><\/li><li>Kandydat, kt\u00f3rego jedno z\u00a0 rodzic\u00f3w (opiekun\u00f3w prawnych) jest zatrudniony na podstawie umowy o\u00a0 prac\u0119 lub cywilnoprawn\u0105, prowadzi pozarolnicz\u0105 dzia\u0142alno\u015b\u0107 gospodarcz\u0105 lub prowadzi gospodarstwo rolne albo studiuje, uczy si\u0119 w trybie dziennym. Kryterium stosuje si\u0119 r\u00f3wnie\u017c do\u00a0 rodzica (opiekuna prawnego) samotnie wychowuj\u0105cego dziecko \u2013 <strong style=\"color: var( --e-global-color-text ); font-family: var( --e-global-typography-text-font-family ), Sans-serif;\">5 pkt<\/strong><\/li><li>Kandydat, kt\u00f3rego rodze\u0144stwo ucz\u0119szcza do danego przedszkola lub szko\u0142y podstawowej, w\u00a0 kt\u00f3rej funkcjonuje oddzia\u0142 przedszkolny- <strong style=\"color: var( --e-global-color-text ); font-family: var( --e-global-typography-text-font-family ), Sans-serif;\">2 pkt<\/strong><\/li><li>Kandydat, kt\u00f3rego oboje rodzice (opiekunowie prawni) zamieszkuj\u0105 na terenie gminy Chojna i rozliczaj\u0105 podatek dochodowy od os\u00f3b fizycznych do w\u0142a\u015bciwego terytorialnie dla gminy Chojna urz\u0119du skarbowego, jako mieszka\u0144cy gminy Chojna. Kryterium stosuje si\u0119 r\u00f3wnie\u017c do rodzica (opiekuna prawnego) samotnie wychowuj\u0105cego dziecko-<strong style=\"color: var( --e-global-color-text ); font-family: var( --e-global-typography-text-font-family ), Sans-serif;\">5 pkt<\/strong><\/li><li>Przedszkole lub oddzia\u0142 przedszkolny w szkole podstawowej jest najbli\u017csz\u0105 plac\u00f3wk\u0105 od\u00a0 miejsca zamieszkania dziecka lub miejsca wykonywania przez przynajmniej jednego z\u00a0 rodzic\u00f3w (opiekun\u00f3w prawnych) pracy zawodowej, w tym na podstawie umowy cywilnoprawnej, prowadzenia pozarolniczej dzia\u0142alno\u015bci gospodarczej, lub gospodarstwa rolnego albo studiowania, nauki w trybie dziennym-<strong style=\"color: var( --e-global-color-text ); font-family: var( --e-global-typography-text-font-family ), Sans-serif;\">1 pkt<\/strong><\/li><\/ul><p><strong>Do wniosku o przyj\u0119cie dziecka do przedszkola, oddzia\u0142u przedszkolnego w publicznej szkole podstawowej <\/strong>do\u0142\u0105cza si\u0119 nast\u0119puj\u0105ce dokumenty potwierdzaj\u0105ce spe\u0142nianie przez kandydata <strong>kryteri\u00f3w dodatkowych:<\/strong><\/p><ul><li>za\u015bwiadczenie z zak\u0142adu pracy o zatrudnieniu\/za\u015bwiadczenie wystawione przez stron\u0119 umowy cywilnoprawnej, na rzecz kt\u00f3rego rodzic (opiekun prawny) realizuje przedmiot umowy (<a href=\"http:\/\/bip.asiis.edu.pl\/wp-content\/uploads\/2022\/01\/Zaswiadczenie_nr_1.docx\">za\u015bwiadczenie nr 1<\/a>)<\/li><li>o\u015bwiadczenie rodzica (opiekuna prawnego) dziecka o prowadzeniu pozarolniczej dzia\u0142alno\u015bci gospodarczej\/o\u015bwiadczenie rodzica (opiekuna prawnego) o prowadzeniu gospodarstwa rolnego lub dzia\u0142u specjalnego produkcji rolnej (<a href=\"http:\/\/bip.asiis.edu.pl\/wp-content\/uploads\/2022\/01\/Oswiadczenie_nr_4.docx\">o\u015bwiadczenie nr 4<\/a>)<\/li><li>za\u015bwiadczenie z uczelni lub szko\u0142y potwierdzaj\u0105ce nauk\u0119 w trybie dziennym (<a href=\"http:\/\/bip.asiis.edu.pl\/wp-content\/uploads\/2022\/01\/Zaswiadczenie_nr_2.docx\">za\u015bwiadczenie nr 2<\/a>)<\/li><li>o\u015bwiadczenie rodzica (opiekuna prawnego) dziecka o zamieszkiwaniu w gminie Chojna (<a href=\"http:\/\/bip.asiis.edu.pl\/wp-content\/uploads\/2022\/01\/Oswiadczenie_nr_1.docx\">o\u015bwiadczenie nr 1<\/a>)<\/li><li>o\u015bwiadczenie rodzica (opiekuna prawnego) dziecka o kontynuacji edukacji przedszkolnej przez rodze\u0144stwo kandydata w tym samym oddziale przedszkolnym w publicznej szkole podstawowej lub nauki w szkole podstawowej lub zg\u0142oszenie jednocze\u015bnie\u00a0 do tej samej plac\u00f3wki dwoje lub wi\u0119cej dzieci (<a href=\"http:\/\/bip.asiis.edu.pl\/wp-content\/uploads\/2022\/01\/Oswiadczenie_nr_6.docx\">o\u015bwiadczenie nr 6<\/a>)<\/li><li>o\u015bwiadczenie rodzica (opiekuna prawnego) dziecka o zamieszkiwaniu na terenie gminy Chojna i rozliczaniu podatku dochodowego od os\u00f3b fizycznych do w\u0142a\u015bciwego terytorialnie dla gminy Chojna urz\u0119du skarbowego, jako mieszka\u0144cy gminy Chojna (<a href=\"http:\/\/bip.asiis.edu.pl\/wp-content\/uploads\/2022\/01\/Oswiadczenie_nr_5.docx\">o\u015bwiadczenie nr 5<\/a>)<\/li><\/ul><p>W celu weryfikacji o\u015bwiadcze\u0144 przewodnicz\u0105cy komisji rekrutacyjnej mo\u017ce:<\/p><ul><li>\u017c\u0105da\u0107 dokument\u00f3w potwierdzaj\u0105cych okoliczno\u015bci zawarte w o\u015bwiadczeniach, w terminie wyznaczonych przez przewodnicz\u0105cego,<\/li><li>mo\u017ce zwr\u00f3ci\u0107 si\u0119 do W\u00f3jta\/ Burmistrza\/Prezydenta w\u0142a\u015bciwego ze wzgl\u0119du na miejsce zamieszkania kandydata o potwierdzenie tych okoliczno\u015bci. Ponadto w celu potwierdzenia okoliczno\u015bci zawartych w o\u015bwiadczeniach W\u00f3jt\/ Burmistrz\/Prezydent korzysta z informacji, kt\u00f3re zna z urz\u0119du lub mo\u017ce wyst\u0105pi\u0107 do instytucji publicznych o udzielenie informacji o\u00a0 okoliczno\u015bciach zawartych w o\u015bwiadczeniach, je\u017celi instytucje te posiadaj\u0105 takie informacje;<\/li><li>o\u015bwiadczenie o samotnym wychowywaniu dziecka mo\u017ce by\u0107 zweryfikowane w drodze wywiadu przeprowadzonego przez W\u00f3jta\/ Burmistrza\/Prezydenta w\u0142a\u015bciwego ze wzgl\u0119du na miejsce zamieszkania kandydata. Do wywiadu stosuje si\u0119 odpowiednio przepisy dotycz\u0105ce rodzinnego wywiadu \u015brodowiskowego przeprowadzanego w celu ustalenia prawa do \u015bwiadczenia wychowawczego, o kt\u00f3rym mowa w ustawie z dnia 11 lutego 2016 r. o\u00a0 pomocy pa\u0144stwa w wychowaniu dzieci (Dz. U. z 2019 r. poz. 2407 ze zm.)<\/li><\/ul><p><a href=\"http:\/\/bip.asiis.edu.pl\/wp-content\/uploads\/2022\/01\/Wniosek-2.docx\"><strong>Wniosek o przyj\u0119cie dziecka do oddzia\u0142u przedszkolnego w szkole podstawowej\/przedszkola<\/strong><\/a><\/p><p>ZARZ\u0104DZENIE Nr 41\/2021 BURMISTRZA GMINY CHOJNA z dnia 27 stycznia 2021 r. w\u00a0 sprawie ustalenia wzoru wniosku o przyj\u0119cie dziecka do oddzia\u0142u przedszkolnego w szkole podstawowej, przedszkola.(<a href=\"http:\/\/bip.asiis.edu.pl\/wp-content\/uploads\/2022\/01\/Zarzadzenie-Nr-41_2021-Burmistrza-Gminy-Chojna-z-dnia-27-stycznia-2021-r-1.docx\">pobierz pdf<\/a>)<\/p><p>ZARZ\u0104DZENIE Nr 2\/2022 BURMISTRZA GMINY CHOJNA z dnia 05 stycznia 2022 r. w\u00a0 sprawie ustalenia harmonogramu czynno\u015bci w post\u0119powaniu rekrutacyjnym i post\u0119powaniu uzupe\u0142niaj\u0105cym na rok szkolny 2022\/2023 do Bajkowego Przedszkola Miejskiego w\u00a0 Chojnie, dla kt\u00f3rego organem prowadz\u0105cym jest Gmina Chojna.(<a href=\"http:\/\/bip.asiis.edu.pl\/wp-content\/uploads\/2022\/01\/Zarzadzenie-Nr-2_2022-z-05-stycznia-2022-r.-BPM-w-Chojnie-pobierz-pdf_2.doc\">pobierz pdf<\/a>)<\/p><p>ZARZ\u0104DZENIE Nr 3\/2022 BURMISTRZA GMINY CHOJNA z dnia 05 stycznia 2022 r. w\u00a0 sprawie ustalenia harmonogramu czynno\u015bci w post\u0119powaniu rekrutacyjnym i post\u0119powaniu uzupe\u0142niaj\u0105cym na rok szkolny 2022\/2023 do oddzia\u0142\u00f3w przedszkolnych w publicznych szko\u0142ach podstawowych, dla kt\u00f3rych organem prowadz\u0105cym jest Gmina Chojna.(<a href=\"http:\/\/bip.asiis.edu.pl\/wp-content\/uploads\/2022\/01\/Zarzadzenie-Nr-3_2022-z-05-stycznia-2022-r.-oddzialy-przedszkole-w-szkole-pdf_1-1.doc\">pobierz pdf<\/a>)<\/p><p><strong>REKRUTACJA DO KLAS I W PUBLICZNYCH SZKO\u0141ACH PODSTAWOWYCH <\/strong><\/p><p><strong>od 01.03.2022 r. do 25.03.2022 r.:<\/strong> z\u0142o\u017cenie wniosku o przyj\u0119cie do klasy I szko\u0142y podstawowej wraz z\u00a0dokumentami potwierdzaj\u0105cymi spe\u0142nianie przez\u00a0 kandydata warunk\u00f3w lub kryteri\u00f3w branych pod uwag\u0119 w post\u0119powaniu rekrutacyjnym<\/p><p><strong>od 28.03.2022 r. do 01.04.2022 r.:<\/strong> weryfikacja przez komisj\u0119 rekrutacyjn\u0105 wniosk\u00f3w o przyj\u0119cie do szko\u0142y podstawowej i\u00a0dokument\u00f3w potwierdzaj\u0105cych spe\u0142nianie przez kandydata warunk\u00f3w lub kryteri\u00f3w branych pod uwag\u0119 w post\u0119powaniu rekrutacyjnym, w tym dokonanie przez przewodnicz\u0105cego komisji rekrutacyjnej czynno\u015bci, o kt\u00f3rych mowa w <strong>art.<\/strong> <strong>150 ust. 7 ustawy z\u00a0dnia 14\u00a0 grudnia 2016r. Prawo o\u015bwiatowe<\/strong><\/p><p><strong>do 06.04.2022 r.: <\/strong>Podanie do publicznej wiadomo\u015bci przez komisj\u0119 rekrutacyjn\u0105 listy kandydat\u00f3w zakwalifikowanych i\u00a0kandydat\u00f3w niezakwalifikowanych<\/p><p><strong>od 07.04.2022 r. do 13.04.2022 r.:<\/strong> Potwierdzenie przez rodzica kandydata woli przyj\u0119cia w postaci pisemnego o\u015bwiadczenia <strong>Niez\u0142o\u017cenie o\u015bwiadczenia jest jednoznaczne z rezygnacj\u0105 z miejsca w\u00a0 publicznej szkole podstawowej<\/strong><\/p><p><strong>19.04.2022 r.:<\/strong> podanie do publicznej wiadomo\u015bci przez komisj\u0119 rekrutacyjn\u0105 listy kandydat\u00f3w przyj\u0119tych i\u00a0kandydat\u00f3w nieprzyj\u0119tych<\/p><p><strong>Szczeg\u00f3\u0142owe informacje mo\u017cna uzyska\u0107 w publicznych szko\u0142ach podstawowych, dla kt\u00f3rych organem prowadz\u0105cym jest Gmina Chojna<\/strong><\/p><ol><li>Publiczna Szko\u0142a Podstawowa nr 1 im. Janusza Korczaka w Chojnie, Szkolna 15, tel.91 414 39 55 lub 91\u00a0414 36 26<\/li><li>Publiczna Szko\u0142a Podstawowa nr 2 im. Kornela Makuszy\u0144skiego w Chojnie, ul. \u017bwirki i\u00a0 Wigury 10, tel. 91\u00a0414 27 03<\/li><li>Publiczna Szko\u0142a Podstawowa im. Olimpijczyk\u00f3w Polskich w Krzymowie, Krzym\u00f3w 29, tel.91 414 33 26<\/li><li>Publiczna Szko\u0142a Podstawowa im. Wsp\u00f3lnej Europy w Nawodnej, Nawodna 93, <br \/>tel. 91\u00a0414 72 47<\/li><li>Publiczna Szko\u0142a Podstawowa im. Marii Konopnickiej w Grzybnie, Grzybno 23,<br \/>tel. 91\u00a0414 77 95<\/li><\/ol><p><strong>Okre\u015blono kryteria dla kandydat\u00f3w zamieszka\u0142ych poza obwodem szk\u00f3\u0142 do klas I szk\u00f3\u0142 podstawowych <\/strong>w<strong> Uchwale Nr\u00a0XXVI\/200\/2020 Rady Miejskiej w Chojnie z dnia 17 grudni 2020 r. (Dz. Urz. Woj. Zachodniopomorskiego z 2021, poz. 137) <\/strong>w sprawie okre\u015blenia kryteri\u00f3w rekrutacji do przedszkola, oddzia\u0142\u00f3w przedszkolnych w\u00a0 szko\u0142ach podstawowych i\u00a0szk\u00f3\u0142 podstawowych, dla kt\u00f3rych organem prowadz\u0105cym jest Gmina Chojna :<\/p><ul><li>Kandydat, kt\u00f3rego rodze\u0144stwo spe\u0142nia obowi\u0105zek szkolny w danej szkole \u2013 <strong>10 pkt<\/strong><\/li><li>Kandydat, kt\u00f3rego rodzice (opiekunowie prawni) posiadaj\u0105 miejsce pracy w obwodzie szko\u0142y. Kryterium stosuje si\u0119 r\u00f3wnie\u017c do rodzica (opiekuna prawnego) samotnie wychowuj\u0105cego dziecko \u2013 <strong>7\u00a0 pkt<\/strong><\/li><li>Kandydat, kt\u00f3rego w obwodzie szko\u0142y zamieszkuj\u0105 krewni dziecka (m.in. babcia, dziadek) wspieraj\u0105cych rodzic\u00f3w (opiekun\u00f3w prawnych) w zapewnieniu mu nale\u017cytej opieki \u2013 <strong>5 pkt<\/strong><\/li><\/ul><p><strong>\u00a0<\/strong><\/p><p>ZARZ\u0104DZENIE Nr 4\/2022 BURMISTRZA GMINY CHOJNA z dnia 05 stycznia 2022 r. w\u00a0 sprawie ustalenia harmonogramu czynno\u015bci w post\u0119powaniu rekrutacyjnym i post\u0119powaniu uzupe\u0142niaj\u0105cym na rok szkolny 2022\/2023 do klas pierwszych Publicznych Szk\u00f3\u0142 Podstawowych, dla kt\u00f3rych organem prowadz\u0105cym jest Gmina Chojna.(<a href=\"http:\/\/bip.asiis.edu.pl\/wp-content\/uploads\/2022\/01\/Zarzadzenie-Nr-4_2022-r.-klasy-I-pobierz-pdf-_3-1.doc\">pobierz pdf<\/a>)<\/p><p><strong>Uchwa\u0142a Nr\u00a0XXVI\/200\/2020 Rady Miejskiej w Chojnie z dnia 17 grudni 2020 r. (Dz. Urz. Woj. Zachodniopomorskiego z 2021, poz. 137) <\/strong>w sprawie okre\u015blenia kryteri\u00f3w rekrutacji do\u00a0 przedszkola, oddzia\u0142\u00f3w przedszkolnych w\u00a0 szko\u0142ach podstawowych i szk\u00f3\u0142 podstawowych, dla kt\u00f3rych organem prowadz\u0105cym jest Gmina Chojna(<a href=\"http:\/\/bip.asiis.edu.pl\/wp-content\/uploads\/2022\/01\/Uchwala_kryteria_rekrtuacji_2020-1.docx\">pobierz pdf<\/a>)<\/p>\t\t\t\t\t\t<\/div>\n\t\t\t\t<\/div>\n\t\t\t\t\t<\/div>\n\t\t<\/div>\n\t\t\t\t\t<\/div>\n\t\t<\/section>\n\t\t\t\t<\/div>\n\t\t","protected":false},"excerpt":{"rendered":"<p>Lp. Nazwa plac\u00f3wki Liczba wolnych miejsc w przedszkolu\/oddzia\u0142ach przedszkolnych &#8211; stan na 28.02.2022 r. 1 Szko\u0142a Podstawowa nr 1 w Chojnie 42 2 Szko\u0142a Podstawowa nr 2 w Chojnie 38 3 Szko\u0142a Podstawowa w Grzybnie 12 4 Szko\u0142a Podstawowa w Krzymowie 15 5 Szko\u0142a Podstawowa w Nawodnej 12 6 Bajkowe Przedszkole Miejskie w Chojnie 85 [&hellip;]<\/p>\n","protected":false},"author":1,"featured_media":0,"parent":0,"menu_order":0,"comment_status":"closed","ping_status":"closed","template":"","meta":{"footnotes":""},"class_list":["post-836","page","type-page","status-publish","hentry"],"_links":{"self":[{"href":"http:\/\/bip.asiis.edu.pl\/index.php?rest_route=\/wp\/v2\/pages\/836","targetHints":{"allow":["GET"]}}],"collection":[{"href":"http:\/\/bip.asiis.edu.pl\/index.php?rest_route=\/wp\/v2\/pages"}],"about":[{"href":"http:\/\/bip.asiis.edu.pl\/index.php?rest_route=\/wp\/v2\/types\/page"}],"author":[{"embeddable":true,"href":"http:\/\/bip.asiis.edu.pl\/index.php?rest_route=\/wp\/v2\/users\/1"}],"replies":[{"embeddable":true,"href":"http:\/\/bip.asiis.edu.pl\/index.php?rest_route=%2Fwp%2Fv2%2Fcomments&post=836"}],"version-history":[{"count":15,"href":"http:\/\/bip.asiis.edu.pl\/index.php?rest_route=\/wp\/v2\/pages\/836\/revisions"}],"predecessor-version":[{"id":874,"href":"http:\/\/bip.asiis.edu.pl\/index.php?rest_route=\/wp\/v2\/pages\/836\/revisions\/874"}],"wp:attachment":[{"href":"http:\/\/bip.asiis.edu.pl\/index.php?rest_route=%2Fwp%2Fv2%2Fmedia&parent=836"}],"curies":[{"name":"wp","href":"https:\/\/api.w.org\/{rel}","templated":true}]}}