{"id":1392,"date":"2023-03-16T12:04:25","date_gmt":"2023-03-16T11:04:25","guid":{"rendered":"http:\/\/bip.asiis.edu.pl\/?page_id=1392"},"modified":"2023-03-16T12:19:15","modified_gmt":"2023-03-16T11:19:15","slug":"liczba-wolnych-miejsc-przed-rekrutacja-do-przedszkoli-i-oddzialow-przedszkolnych-2","status":"publish","type":"page","link":"http:\/\/bip.asiis.edu.pl\/?page_id=1392","title":{"rendered":"Liczba wolnych miejsc przed rekrutacj\u0105 do przedszkoli i oddzia\u0142\u00f3w przedszkolnych"},"content":{"rendered":"\t\t<div data-elementor-type=\"wp-page\" data-elementor-id=\"1392\" class=\"elementor elementor-1392\" data-elementor-post-type=\"page\">\n\t\t\t\t\t\t<section class=\"elementor-section elementor-top-section elementor-element elementor-element-08300ca elementor-section-boxed elementor-section-height-default elementor-section-height-default\" data-id=\"08300ca\" data-element_type=\"section\">\n\t\t\t\t\t\t<div class=\"elementor-container elementor-column-gap-default\">\n\t\t\t\t\t<div class=\"elementor-column elementor-col-100 elementor-top-column elementor-element elementor-element-9492cb9\" data-id=\"9492cb9\" data-element_type=\"column\">\n\t\t\t<div class=\"elementor-widget-wrap elementor-element-populated\">\n\t\t\t\t\t\t<div class=\"elementor-element elementor-element-c0335ab elementor-widget elementor-widget-text-editor\" data-id=\"c0335ab\" data-element_type=\"widget\" data-widget_type=\"text-editor.default\">\n\t\t\t\t<div class=\"elementor-widget-container\">\n\t\t\t\t\t\t\t<p>W zwi\u0105zku z rozpoczynaj\u0105c\u0105 si\u0119 rekrutacj\u0105 1 marca 2023 r. do przedszkoli i oddzia\u0142\u00f3w przedszkolnych w szko\u0142ach, dyrektorzy informuj\u0105 o liczbie wolnych miejsc w plac\u00f3wkach:<\/p>\t\t\t\t\t\t<\/div>\n\t\t\t\t<\/div>\n\t\t\t\t\t<\/div>\n\t\t<\/div>\n\t\t\t\t\t<\/div>\n\t\t<\/section>\n\t\t\t\t<section class=\"elementor-section elementor-top-section elementor-element elementor-element-68771e3 elementor-section-boxed elementor-section-height-default elementor-section-height-default\" data-id=\"68771e3\" data-element_type=\"section\">\n\t\t\t\t\t\t<div class=\"elementor-container elementor-column-gap-default\">\n\t\t\t\t\t<div class=\"elementor-column elementor-col-100 elementor-top-column elementor-element elementor-element-bb1e113\" data-id=\"bb1e113\" data-element_type=\"column\">\n\t\t\t<div class=\"elementor-widget-wrap elementor-element-populated\">\n\t\t\t\t\t\t<div class=\"elementor-element elementor-element-5064cc1 elementor-toc--minimized-on-tablet elementor-widget elementor-widget-table-of-contents\" data-id=\"5064cc1\" data-element_type=\"widget\" data-settings=\"{&quot;exclude_headings_by_selector&quot;:[],&quot;headings_by_tags&quot;:[&quot;h2&quot;,&quot;h3&quot;,&quot;h4&quot;,&quot;h5&quot;,&quot;h6&quot;],&quot;marker_view&quot;:&quot;numbers&quot;,&quot;minimize_box&quot;:&quot;yes&quot;,&quot;minimized_on&quot;:&quot;tablet&quot;,&quot;hierarchical_view&quot;:&quot;yes&quot;,&quot;min_height&quot;:{&quot;unit&quot;:&quot;px&quot;,&quot;size&quot;:&quot;&quot;,&quot;sizes&quot;:[]},&quot;min_height_tablet&quot;:{&quot;unit&quot;:&quot;px&quot;,&quot;size&quot;:&quot;&quot;,&quot;sizes&quot;:[]},&quot;min_height_mobile&quot;:{&quot;unit&quot;:&quot;px&quot;,&quot;size&quot;:&quot;&quot;,&quot;sizes&quot;:[]}}\" data-widget_type=\"table-of-contents.default\">\n\t\t\t\t<div class=\"elementor-widget-container\">\n\t\t\t\t\t<div class=\"elementor-toc__header\">\n\t\t\t<h4 class=\"elementor-toc__header-title\">\n\t\t\t\t<div><\/div><div id=\"supsystic-table-48_99515\" class=\"supsystic-tables-wrap \" style=\"width:100%\" data-table-width-fixed=\"100%\" data-table-width-mobile=\"100%\"><table id=\"supsystic-table-48\" class=\"supsystic-table border lightboxImg cell-border\" data-id=\"48\" data-view-id=\"48_99515\" data-title=\"Liczba wolnych miejsc w jednostkach\" data-currency-format=\"$1,000.00\" data-percent-format=\"10.00%\" data-date-format=\"DD.MM.YYYY\" data-time-format=\"HH:mm\" data-features=\"[&quot;after_table_loaded_script&quot;]\" data-search-value=\"\" data-lightbox-img=\"\" data-head-rows-count=\"1\" data-pagination-length=\"50,100,All\" data-auto-index=\"off\" data-searching-settings=\"{&quot;columnSearchPosition&quot;:&quot;bottom&quot;,&quot;minChars&quot;:&quot;0&quot;}\" data-lang=\"default\" data-override=\"{&quot;emptyTable&quot;:&quot;&quot;,&quot;info&quot;:&quot;&quot;,&quot;infoEmpty&quot;:&quot;&quot;,&quot;infoFiltered&quot;:&quot;&quot;,&quot;lengthMenu&quot;:&quot;&quot;,&quot;search&quot;:&quot;&quot;,&quot;zeroRecords&quot;:&quot;&quot;,&quot;exportLabel&quot;:&quot;&quot;,&quot;file&quot;:&quot;default&quot;}\" data-merged=\"[]\" data-responsive-mode=\"0\" data-from-history=\"0\"><thead><tr><th class=\"\" style=\"width:;padding: 0 !important\"><\/th><th class=\"\" style=\"width:;padding: 0 !important\"><\/th><\/tr><\/thead><tbody><tr style=\"height:px\"><td data-cell-id=\"A1\" data-x=\"0\" data-y=\"1\" data-db-index=\"1\" class=\"htCenter bold htMiddle\" data-cell-type=\"text\" data-original-value=\"Plac\u00f3wka\" data-order=\"Plac\u00f3wka\" style=\"min-width:79.6396%\">Plac\u00f3wka <\/td><td data-cell-id=\"B1\" data-x=\"1\" data-y=\"1\" data-db-index=\"1\" class=\"htCenter bold htMiddle\" data-cell-type=\"text\" data-original-value=\"Liczba wolnych miejsc\" data-order=\"Liczba wolnych miejsc\" style=\"min-width:20.3604%\">Liczba wolnych miejsc <\/td><\/tr><tr style=\"height:px\"><td data-cell-id=\"A2\" data-x=\"0\" data-y=\"2\" data-db-index=\"2\" class=\"htCenter htMiddle\" data-cell-type=\"text\" data-original-value=\" Szko\u0142a Podstawowa nr 1 im. Janusza Korczaka w Chojnie \" data-order=\" Szko\u0142a Podstawowa nr 1 im. Janusza Korczaka w Chojnie \"> Szko\u0142a Podstawowa nr 1 im. Janusza Korczaka w Chojnie <\/td><td data-cell-id=\"B2\" data-x=\"1\" data-y=\"2\" data-db-index=\"2\" class=\"htCenter htMiddle\" data-cell-type=\"text\" data-original-value=\" 49 \" data-order=\" 49 \"> 49 <\/td><\/tr><tr style=\"height:px\"><td data-cell-id=\"A3\" data-x=\"0\" data-y=\"3\" data-db-index=\"3\" class=\"htCenter htMiddle\" data-cell-type=\"text\" data-original-value=\" Szko\u0142a Podstawowa nr 2 im. Kornela Makuszy\u0144skiego w Chojnie \" data-order=\" Szko\u0142a Podstawowa nr 2 im. Kornela Makuszy\u0144skiego w Chojnie \"> Szko\u0142a Podstawowa nr 2 im. Kornela Makuszy\u0144skiego w Chojnie <\/td><td data-cell-id=\"B3\" data-x=\"1\" data-y=\"3\" data-db-index=\"3\" class=\"htCenter htMiddle\" data-cell-type=\"text\" data-original-value=\" 44 \" data-order=\" 44 \"> 44 <\/td><\/tr><tr style=\"height:px\"><td data-cell-id=\"A4\" data-x=\"0\" data-y=\"4\" data-db-index=\"4\" class=\"htCenter htMiddle\" data-cell-type=\"text\" data-original-value=\" Szko\u0142a Podstawowa im. Marii Konopnickiej w Grzybnie \" data-order=\" Szko\u0142a Podstawowa im. Marii Konopnickiej w Grzybnie \"> Szko\u0142a Podstawowa im. Marii Konopnickiej w Grzybnie <\/td><td data-cell-id=\"B4\" data-x=\"1\" data-y=\"4\" data-db-index=\"4\" class=\"htCenter htMiddle\" data-cell-type=\"text\" data-original-value=\" 9 \" data-order=\" 9 \"> 9 <\/td><\/tr><tr style=\"height:px\"><td data-cell-id=\"A5\" data-x=\"0\" data-y=\"5\" data-db-index=\"5\" class=\"htCenter htMiddle\" data-cell-type=\"text\" data-original-value=\" Szko\u0142a Podstawowa im. Olimpijczyk\u00f3w Polskich w Krzymowie \" data-order=\" Szko\u0142a Podstawowa im. Olimpijczyk\u00f3w Polskich w Krzymowie \"> Szko\u0142a Podstawowa im. Olimpijczyk\u00f3w Polskich w Krzymowie <\/td><td data-cell-id=\"B5\" data-x=\"1\" data-y=\"5\" data-db-index=\"5\" class=\"htCenter htMiddle\" data-cell-type=\"text\" data-original-value=\" 17 \" data-order=\" 17 \"> 17 <\/td><\/tr><tr style=\"height:px\"><td data-cell-id=\"A6\" data-x=\"0\" data-y=\"6\" data-db-index=\"6\" class=\"htCenter htMiddle\" data-cell-type=\"text\" data-original-value=\" Szko\u0142a Podstawowa im. Wsp\u00f3lnej Europy w Nawodnej \" data-order=\" Szko\u0142a Podstawowa im. Wsp\u00f3lnej Europy w Nawodnej \"> Szko\u0142a Podstawowa im. Wsp\u00f3lnej Europy w Nawodnej <\/td><td data-cell-id=\"B6\" data-x=\"1\" data-y=\"6\" data-db-index=\"6\" class=\"htCenter htMiddle\" data-cell-type=\"text\" data-original-value=\" 8 \" data-order=\" 8 \"> 8 <\/td><\/tr><tr style=\"height:px\"><td data-cell-id=\"A7\" data-x=\"0\" data-y=\"7\" data-db-index=\"7\" class=\"htCenter htMiddle\" data-cell-type=\"text\" data-original-value=\" Bajkowe Przedszkole Miejskie w Chojnie \" data-order=\" Bajkowe Przedszkole Miejskie w Chojnie \"> Bajkowe Przedszkole Miejskie w Chojnie <\/td><td data-cell-id=\"B7\" data-x=\"1\" data-y=\"7\" data-db-index=\"7\" class=\"htCenter htMiddle\" data-cell-type=\"text\" data-original-value=\" 100 \" data-order=\" 100 \"> 100 <\/td><\/tr><\/tbody><\/table><!-- \/#supsystic-table-48.supsystic-table --><\/div><!-- \/.supsystic-tables-wrap --><!-- Tables Generator by Supsystic --><!-- Version:1.10.47 --><!-- http:\/\/supsystic.com\/ --><a title=\"WP Table Builder\" href=\"https:\/\/supsystic.com\/plugins\/wordpress-data-table-plugin\/?utm_medium=love_link\" target=\"_blank\">WP Table Builder<\/a>\t\t\t<\/h4>\n\t\t\t\t\t\t\t<div class=\"elementor-toc__toggle-button elementor-toc__toggle-button--expand\" role=\"button\" tabindex=\"0\" aria-controls=\"elementor-toc__5064cc1\" aria-expanded=\"true\" aria-label=\"Open table of contents\"><i aria-hidden=\"true\" class=\"fas fa-chevron-down\"><\/i><\/div>\n\t\t\t\t<div class=\"elementor-toc__toggle-button elementor-toc__toggle-button--collapse\" role=\"button\" tabindex=\"0\" aria-controls=\"elementor-toc__5064cc1\" aria-expanded=\"true\" aria-label=\"Close table of contents\"><i aria-hidden=\"true\" class=\"fas fa-chevron-up\"><\/i><\/div>\n\t\t\t\t\t<\/div>\n\t\t<div id=\"elementor-toc__5064cc1\" class=\"elementor-toc__body\">\n\t\t\t<div class=\"elementor-toc__spinner-container\">\n\t\t\t\t<i class=\"elementor-toc__spinner eicon-animation-spin eicon-loading\" aria-hidden=\"true\"><\/i>\t\t\t<\/div>\n\t\t<\/div>\n\t\t\t\t<\/div>\n\t\t\t\t<\/div>\n\t\t\t\t\t<\/div>\n\t\t<\/div>\n\t\t\t\t\t<\/div>\n\t\t<\/section>\n\t\t\t\t<\/div>\n\t\t","protected":false},"excerpt":{"rendered":"<p>W zwi\u0105zku z rozpoczynaj\u0105c\u0105 si\u0119 rekrutacj\u0105 1 marca 2023 r. do przedszkoli i oddzia\u0142\u00f3w przedszkolnych w szko\u0142ach, dyrektorzy informuj\u0105 o liczbie wolnych miejsc w plac\u00f3wkach:<\/p>\n","protected":false},"author":1,"featured_media":0,"parent":0,"menu_order":0,"comment_status":"closed","ping_status":"closed","template":"","meta":{"footnotes":""},"class_list":["post-1392","page","type-page","status-publish","hentry"],"_links":{"self":[{"href":"http:\/\/bip.asiis.edu.pl\/index.php?rest_route=\/wp\/v2\/pages\/1392","targetHints":{"allow":["GET"]}}],"collection":[{"href":"http:\/\/bip.asiis.edu.pl\/index.php?rest_route=\/wp\/v2\/pages"}],"about":[{"href":"http:\/\/bip.asiis.edu.pl\/index.php?rest_route=\/wp\/v2\/types\/page"}],"author":[{"embeddable":true,"href":"http:\/\/bip.asiis.edu.pl\/index.php?rest_route=\/wp\/v2\/users\/1"}],"replies":[{"embeddable":true,"href":"http:\/\/bip.asiis.edu.pl\/index.php?rest_route=%2Fwp%2Fv2%2Fcomments&post=1392"}],"version-history":[{"count":4,"href":"http:\/\/bip.asiis.edu.pl\/index.php?rest_route=\/wp\/v2\/pages\/1392\/revisions"}],"predecessor-version":[{"id":1397,"href":"http:\/\/bip.asiis.edu.pl\/index.php?rest_route=\/wp\/v2\/pages\/1392\/revisions\/1397"}],"wp:attachment":[{"href":"http:\/\/bip.asiis.edu.pl\/index.php?rest_route=%2Fwp%2Fv2%2Fmedia&parent=1392"}],"curies":[{"name":"wp","href":"https:\/\/api.w.org\/{rel}","templated":true}]}}