{"id":1324,"date":"2023-01-30T11:30:26","date_gmt":"2023-01-30T10:30:26","guid":{"rendered":"http:\/\/bip.asiis.edu.pl\/?page_id=1324"},"modified":"2024-08-06T15:10:59","modified_gmt":"2024-08-06T13:10:59","slug":"rekrutacja-do-przedszkoli-i-publicznych-szkol-podstawowych-na-rok-2023-2024","status":"publish","type":"page","link":"http:\/\/bip.asiis.edu.pl\/?page_id=1324","title":{"rendered":"Rekrutacja do przedszkoli i publicznych szk\u00f3\u0142 podstawowych na rok 2024\/2025"},"content":{"rendered":"\t\t<div data-elementor-type=\"wp-page\" data-elementor-id=\"1324\" class=\"elementor elementor-1324\" data-elementor-post-type=\"page\">\n\t\t\t\t\t\t<section class=\"elementor-section elementor-top-section elementor-element elementor-element-588e20e elementor-section-boxed elementor-section-height-default elementor-section-height-default\" data-id=\"588e20e\" data-element_type=\"section\">\n\t\t\t\t\t\t<div class=\"elementor-container elementor-column-gap-default\">\n\t\t\t\t\t<div class=\"elementor-column elementor-col-100 elementor-top-column elementor-element elementor-element-b2add23\" data-id=\"b2add23\" data-element_type=\"column\">\n\t\t\t<div class=\"elementor-widget-wrap elementor-element-populated\">\n\t\t\t\t\t\t<div class=\"elementor-element elementor-element-c9d4057 elementor-widget elementor-widget-heading\" data-id=\"c9d4057\" data-element_type=\"widget\" data-widget_type=\"heading.default\">\n\t\t\t\t<div class=\"elementor-widget-container\">\n\t\t\t<h2 class=\"elementor-heading-title elementor-size-default\">INFORMACJA O NABORZE DO ODDZIA\u0141\u00d3W PRZEDSZKOLNYCH W&nbsp; PUBLICZNYCH SZKO\u0141ACH PODSTAWOWYCH I PRZEDSZKOLU\nNA ROK SZKOLNY 2024\/2025\noraz \nREKRUTACJA DO KLAS I W PUBLICZNYCH SZKO\u0141ACH PODSTAWOWYCH \nGMINY CHOJNA \n<\/h2>\t\t<\/div>\n\t\t\t\t<\/div>\n\t\t\t\t<div class=\"elementor-element elementor-element-892d62b elementor-widget elementor-widget-text-editor\" data-id=\"892d62b\" data-element_type=\"widget\" data-widget_type=\"text-editor.default\">\n\t\t\t\t<div class=\"elementor-widget-container\">\n\t\t\t\t\t\t\t<p>Od dnia <strong>1 marca 2024 r.<\/strong> rozpocznie si\u0119 <strong>rekrutacja<\/strong> do oddzia\u0142\u00f3w przedszkolnych w\u00a0 publicznych szko\u0142ach podstawowych i Bajkowym Przedszkolu Miejskim w Chojnie oraz do klas I szk\u00f3\u0142 podstawowych prowadzonych przez Gmin\u0119 Chojna <strong>na rok szkolny 2024\/2025.<\/strong><\/p><p><strong>REKRUTACJA DO ODDZIA\u0141\u00d3W PRZEDSZKOLNYCH W PUBLICZNYCH SZKO\u0141ACH PODSTAWOWYCH I BAJKOWEGO PRZEDSZKOLA MIEJSKIEGO W CHOJNIE<\/strong><\/p><p><strong>od 19 lutego 2024 r. do 23 lutego 2024 r. :<\/strong> z\u0142o\u017cenie przez rodzic\u00f3w deklaracji kontynuacji edukacji przedszkolnej na rok szkolny 2024\/2025,<\/p><p><strong>od 01.03.2024 r. do 22.03.2024 r. (w godz. od 8:00 do 15:00):<\/strong> z\u0142o\u017cenie wniosku o przyj\u0119cie do oddzia\u0142u przedszkolnego w publicznej szkole podstawowej, Bajkowym Przedszkolu Miejskim wraz z dokumentami potwierdzaj\u0105cymi spe\u0142nianie przez\u00a0 kandydata warunk\u00f3w lub kryteri\u00f3w branych pod uwag\u0119 w post\u0119powaniu rekrutacyjnym,<\/p><p><strong>od 25.03.2024 r. do 29.03.2024 r.:<\/strong> weryfikacja przez komisj\u0119 rekrutacyjn\u0105 wniosk\u00f3w o przyj\u0119cie do\u00a0 oddzia\u0142u przedszkolnego w publicznej szkole podstawowej, Bajkowego Przedszkola Miejskiego i\u00a0 dokument\u00f3w potwierdzaj\u0105cych spe\u0142nianie przez kandydata warunk\u00f3w lub kryteri\u00f3w branych pod uwag\u0119 w post\u0119powaniu rekrutacyjnym, w tym dokonanie przez przewodnicz\u0105cego komisji rekrutacyjnej czynno\u015bci, o kt\u00f3rych mowa w <strong>art. 150 ust. 7 ustawy z dnia 14 grudnia 2016r. Prawo o\u015bwiatowe<\/strong><\/p><p><strong>do 04.04.2024 r.:<\/strong> podanie do publicznej wiadomo\u015bci przez komisj\u0119 rekrutacyjn\u0105 listy kandydat\u00f3w zakwalifikowanych i kandydat\u00f3w niezakwalifikowanych,<\/p><p><strong>od 05.04.2024 r. do 12.04.2024 r. (w godz. od 8:00 do 15:00):<\/strong> potwierdzenie przez rodzica kandydata woli przyj\u0119cia w postaci pisemnego o\u015bwiadczenia, <strong>Niez\u0142o\u017cenie o\u015bwiadczenia jest jednoznaczne z rezygnacj\u0105 z miejsca w\u00a0 przedszkolu, oddziale przedszkolnym w publicznej szkole podstawowej,<\/strong><\/p><p><strong>18.04.2022 r.:<\/strong> podanie do publicznej wiadomo\u015bci przez komisj\u0119 rekrutacyjn\u0105 listy kandydat\u00f3w przyj\u0119tych i kandydat\u00f3w nieprzyj\u0119tych,<\/p><p><strong>Lista kandydat\u00f3w zakwalifikowanych i niezakwalifikowanych oraz przyj\u0119tych i\u00a0 nieprzyj\u0119tych zostanie umieszczona w widocznym miejscu w siedzibie plac\u00f3wki.<\/strong><\/p><p><strong>Szczeg\u00f3\u0142owe informacje mo\u017cna uzyska\u0107 w publicznych szko\u0142ach podstawowych, w\u00a0 kt\u00f3rych utworzono oddzia\u0142y przedszkolne:<\/strong><\/p><p>1.Publiczna Szko\u0142a Podstawowa nr 1 im. Janusza Korczaka w Chojnie, Szkolna 15,<\/p><p>tel.91 414 39 55 lub 91 414 36 26,<\/p><p>2. Publiczna Szko\u0142a Podstawowa nr 2 im. Kornela Makuszy\u0144skiego w Chojnie, ul. \u017bwirki i\u00a0 Wigury 10, tel. 91 414 27 03,<\/p><p>3.\u00a0 Publiczna Szko\u0142a Podstawowa im. Olimpijczyk\u00f3w Polskich w Krzymowie, Krzym\u00f3w 29, tel.91 414 33 26,<\/p><p>4. Publiczna Szko\u0142a Podstawowa im. Wsp\u00f3lnej Europy w Nawodnej, Nawodna 93,<\/p><p>tel. 91 414 72 47,<\/p><p>5.Publiczna Szko\u0142a Podstawowa im. Marii Konopnickiej w Grzybnie, Grzybno 23,\u00a0<\/p><p>tel. 91 414 77 95,<\/p><p>6.Bajkowym Przedszkolu Miejskim w Chojnie, ul. Wilsona 10,<\/p><p>tel.91 414 26 50.<\/p><p><strong>W rekrutacji<\/strong> o przyj\u0119cie do przedszkola, oddzia\u0142\u00f3w przedszkolnych w publicznych szko\u0142ach podstawowych uczestnicz\u0105 dzieci zamieszkuj\u0105ce wraz z rodzicami na terenie gminy Chojna, w wieku 3-6 lat, kt\u00f3re w roku szkolnym 2023\/2024 nie ucz\u0119szcza\u0142y do oddzia\u0142\u00f3w przedszkolnych w publicznych szko\u0142ach podstawowych i przedszkolu.<\/p><p>Kandydaci zamieszkali poza obszarem gminy mog\u0105 by\u0107 przyj\u0119ci do przedszkola, oddzia\u0142u przedszkolnego w publicznej szkole podstawowej na terenie gminy Chojna, je\u017celi po przeprowadzeniu post\u0119powania rekrutacyjnego gmina nadal dysponuje wolnymi miejscami w\u00a0 tym przedszkolu, oddziale przedszkolnym w publicznej szkole podstawowej.\u00a0<\/p><p>Z dniem<strong> 01 wrze\u015bnia 2024 r.<\/strong> na wniosek rodzic\u00f3w edukacj\u0119 przedszkoln\u0105 mog\u0105 rozpocz\u0105\u0107 dzieci w wieku <strong>3-6 lat<\/strong> i maj\u0105 prawo do korzystania z wychowania przedszkolnego w\u00a0 przedszkolu, oddziale przedszkolnym w publicznej szkole podstawowej.<\/p><p><strong>Natomiast w roku szkolnym 2024\/2025 dziecko w wieku 6 lat jest obowi\u0105zane odby\u0107 roczne przygotowanie przedszkolne.<\/strong><\/p><p><strong>Do przedszkola, oddzia\u0142u przedszkolnego w publicznej szkole podstawowej<\/strong> przyjmuje si\u0119 kandydat\u00f3w zamieszka\u0142ych na terenie gminy Chojna. W przypadku wi\u0119kszej liczby kandydat\u00f3w, ni\u017c liczba wolnych miejsc w przedszkolu, oddziale przedszkolnym w publicznej szkole podstawowej, na pierwszym etapie post\u0119powania rekrutacyjnego s\u0105 brane pod uwag\u0119 \u0142\u0105cznie nast\u0119puj\u0105ce kryteria (art. 131 ust. 2 ustawy &#8211; Prawo o\u015bwiatowe):<\/p><p>*wielodzietno\u015b\u0107 rodziny kandydata;<\/p><p>*niepe\u0142nosprawno\u015b\u0107 kandydata;<\/p><p>*niepe\u0142nosprawno\u015b\u0107 jednego z rodzic\u00f3w kandydata;<\/p><p>*niepe\u0142nosprawno\u015b\u0107 obojga rodzic\u00f3w kandydata;<\/p><p>*niepe\u0142nosprawno\u015b\u0107 rodze\u0144stwa kandydata;<\/p><p>*samotne wychowywanie kandydata w rodzinie;<\/p><p>*obj\u0119cie kandydata piecz\u0105 zast\u0119pcz\u0105.<\/p><p>Zgodnie z art. 4 pkt 42 i 43 ustawy Prawo o\u015bwiatowe <strong>wielodzietno\u015b\u0107 rodziny<\/strong> \u2013 oznacza to\u00a0 rodzin\u0119 wychowuj\u0105c\u0105 troje i wi\u0119cej dzieci, natomiast <strong>samotne<\/strong> <strong>wychowywanie dziecka<\/strong> \u2013 oznacza to wychowywanie dziecka przez pann\u0119, kawalera, wdow\u0119, wdowca, osob\u0119 pozostaj\u0105c\u0105 w separacji orzeczonej prawomocnym wyrokiem s\u0105du, osob\u0119 rozwiedzion\u0105, chyba \u017ce osoba taka wychowuje wsp\u00f3lnie co najmniej jedno dziecko z jego rodzicem.<\/p><p>Do wniosku o przyj\u0119cie dziecka do przedszkola, oddzia\u0142u przedszkolnego w publicznej szkole podstawowej do\u0142\u0105cza si\u0119 nast\u0119puj\u0105ce dokumenty potwierdzaj\u0105ce spe\u0142nianie przez kandydata<strong> kryteri\u00f3w okre\u015blonych w art. 131 ust. 2<\/strong> ustawy &#8211; Prawo o\u015bwiatowe:<\/p><p>* o\u015bwiadczenie o wielodzietno\u015bci rodziny kandydata\u00a0<a style=\"background-color: #ffffff;\" href=\"http:\/\/bip.asiis.edu.pl\/wp-content\/uploads\/2024\/02\/oswiadczenie_nr_2.docx.pdf\" target=\"_blank\" rel=\"noopener\"><b>(o\u015bwiadczenie nr 2)<\/b><\/a><\/p><p>* orzeczenie o potrzebie kszta\u0142cenia specjalnego wydane ze wzgl\u0119du na niepe\u0142nosprawno\u015b\u0107, orzeczenie o niepe\u0142nosprawno\u015bci lub o stopniu niepe\u0142nosprawno\u015bci lub orzeczenie r\u00f3wnowa\u017cne w rozumieniu przepis\u00f3w ustawy z dnia 27 sierpnia 1997 r. o rehabilitacji zawodowej i\u00a0 spo\u0142ecznej oraz zatrudnianiu os\u00f3b niepe\u0142nosprawnych (Dz. U. z 2024 r. poz. 44),<\/p><p>* prawomocny wyrok sadu rodzinnego orzekaj\u0105cy rozw\u00f3d lub separacj\u0119 lub akt zgonu oraz o\u015bwiadczenie o samotnym wychowywaniu dziecka oraz niewychowywaniu \u017cadnego dziecka wsp\u00f3lnie z jego rodzicem\u00a0<a style=\"background-color: #ffffff;\" href=\"http:\/\/bip.asiis.edu.pl\/wp-content\/uploads\/2024\/02\/oswiadczenie_nr_3.pdf\" target=\"_blank\" rel=\"noopener\"><b>(o\u015bwiadczenie nr 3)<\/b><\/a><\/p><p>* dokument po\u015bwiadczaj\u0105cy obj\u0119cie dziecka piecz\u0105 zast\u0119pcz\u0105 zgodnie z ustaw\u0105 z dnia 9\u00a0 czerwca 2011 r. o wspieraniu rodziny i systemie pieczy zast\u0119pczej (Dz. U. z 2023 r. poz. 1426 ze zm.).<\/p><p>Kryteria potwierdza si\u0119 za pomoc\u0105 dokument\u00f3w sk\u0142adanych w postaci (do wyboru): orygina\u0142u, notarialnie po\u015bwiadczonej kopii, albo w postaci urz\u0119dowo po\u015bwiadczonego, zgodnie z art. 76a \u00a7 1 ustawy z dnia 14 czerwca 1960 r. \u2013 Kodeks post\u0119powania administracyjnego &#8211; odpisu lub wyci\u0105gu z dokumentu, a tak\u017ce kopii po\u015bwiadczonej za zgodno\u015b\u0107 z orygina\u0142em przez rodzica kandydata. <strong>W przypadku otrzymania przez dziecko r\u00f3wnorz\u0119dnych wynik\u00f3w uzyskanych na pierwszym etapie post\u0119powania rekrutacyjnego, a przedszkole, oddzia\u0142 przedszkolny w publicznej szkole podstawowej dysponuje wolnymi miejscami, w drugim etapie rekrutacji b\u0119d\u0105 brane pod uwag\u0119 dodatkowe kryteria<\/strong> okre\u015blone w Uchwale Nr XXVI\/200\/2020 Rady Miejskiej w Chojnie z dnia 17 grudnia 2020 r. (Dz. Urz. Woj. Zachodniopomorskiego z 2021, poz. 137) w sprawie okre\u015blenia kryteri\u00f3w rekrutacji do przedszkola, oddzia\u0142\u00f3w przedszkolnych w\u00a0 szko\u0142ach podstawowych i szk\u00f3\u0142 podstawowych, dla kt\u00f3rych organem prowadz\u0105cym jest Gmina Chojna:<\/p><p>* Kandydat, kt\u00f3rego oboje rodzice (opiekunowie prawni) s\u0105 zatrudnieni na\u00a0 podstawie umowy o prac\u0119 lub cywilnoprawnej, prowadz\u0105 pozarolnicz\u0105 dzia\u0142alno\u015b\u0107 gospodarcz\u0105 lub prowadz\u0105 gospodarstwo rolne albo studiuj\u0105, ucz\u0105 si\u0119 w trybie dziennym. Kryterium stosuje si\u0119 r\u00f3wnie\u017c do rodzica (opiekuna prawnego) samotnie wychowuj\u0105cego dziecko-<strong>10 pkt<\/strong><\/p><p>* Kandydat, kt\u00f3rego jedno z\u00a0 rodzic\u00f3w (opiekun\u00f3w prawnych) jest zatrudniony na podstawie umowy o\u00a0 prac\u0119 lub cywilnoprawn\u0105, prowadzi pozarolnicz\u0105 dzia\u0142alno\u015b\u0107 gospodarcz\u0105 lub prowadzi gospodarstwo rolne albo studiuje, uczy si\u0119 w trybie dziennym. Kryterium stosuje si\u0119 r\u00f3wnie\u017c do\u00a0 rodzica (opiekuna prawnego) samotnie wychowuj\u0105cego dziecko \u2013<strong> 5 pkt<\/strong><\/p><p>* Kandydat, kt\u00f3rego rodze\u0144stwo ucz\u0119szcza do danego przedszkola lub szko\u0142y podstawowej, w\u00a0 kt\u00f3rej funkcjonuje oddzia\u0142 przedszkolny- <strong>2 pkt<\/strong><\/p><p>* Kandydat, kt\u00f3rego oboje rodzice (opiekunowie prawni) zamieszkuj\u0105 na terenie gminy Chojna i rozliczaj\u0105 podatek dochodowy od os\u00f3b fizycznych do w\u0142a\u015bciwego terytorialnie dla gminy Chojna urz\u0119du skarbowego, jako mieszka\u0144cy gminy Chojna. Kryterium stosuje si\u0119 r\u00f3wnie\u017c do rodzica (opiekuna prawnego) samotnie wychowuj\u0105cego dziecko-<strong>5 pkt<\/strong><\/p><p>* Przedszkole lub oddzia\u0142 przedszkolny w szkole podstawowej jest najbli\u017csz\u0105 plac\u00f3wk\u0105 od\u00a0 miejsca zamieszkania dziecka lub miejsca wykonywania przez przynajmniej jednego z\u00a0 rodzic\u00f3w (opiekun\u00f3w prawnych) pracy zawodowej, w tym na podstawie umowy cywilnoprawnej, prowadzenia pozarolniczej dzia\u0142alno\u015bci gospodarczej, lub gospodarstwa rolnego albo studiowania, nauki w trybie dziennym-<strong>1 pkt<\/strong><\/p><p><a href=\"http:\/\/bip.asiis.edu.pl\/wp-content\/uploads\/2024\/02\/Wniosek.docx\"><strong>Do wniosku o przyj\u0119cie dziecka do przedszkola, oddzia\u0142u przedszkolnego w publicznej szkole podstawowej<\/strong> do\u0142\u0105cza si\u0119 nast\u0119puj\u0105ce dokumenty potwierdzaj\u0105ce spe\u0142nianie przez kandydata <strong>kryteri\u00f3w dodatkowych:<\/strong><\/a><\/p><p>*za\u015bwiadczenie z zak\u0142adu pracy o zatrudnieniu\/za\u015bwiadczenie wystawione przez stron\u0119 umowy cywilnoprawnej, na rzecz kt\u00f3rego rodzic (opiekun prawny) realizuje przedmiot umowy\u00a0<a style=\"background-color: #ffffff;\" href=\"http:\/\/bip.asiis.edu.pl\/wp-content\/uploads\/2024\/02\/zaswiadczenie_nr_1.pdf\" target=\"_blank\" rel=\"noopener\"><b>(za\u015bwiadczenie nr 1)<\/b><\/a><\/p><p>* o\u015bwiadczenie rodzica (opiekuna prawnego) dziecka o prowadzeniu pozarolniczej dzia\u0142alno\u015bci gospodarczej\/o\u015bwiadczenie rodzica (opiekuna prawnego) o prowadzeniu gospodarstwa rolnego lub dzia\u0142u specjalnego produkcji rolnej\u00a0<a style=\"background-color: #ffffff;\" href=\"http:\/\/bip.asiis.edu.pl\/wp-content\/uploads\/2024\/02\/oswiadczenie_nr_4.docx.pdf\" target=\"_blank\" rel=\"noopener\"><b>(o\u015bwiadczenie nr 4)<\/b><\/a><\/p><p>* za\u015bwiadczenie z uczelni lub szko\u0142y potwierdzaj\u0105ce nauk\u0119 w trybie dziennym (<a style=\"background-color: #ffffff;\" href=\"http:\/\/bip.asiis.edu.pl\/wp-content\/uploads\/2024\/02\/zaswiadczenie_nr_2.pdf\" target=\"_blank\" rel=\"noopener\"><b>za\u015bwiadczenie nr 2)<\/b><\/a><\/p><p>*o\u015bwiadczenie rodzica (opiekuna prawnego) dziecka o zamieszkiwaniu w gminie Chojna\u00a0<a style=\"background-color: #ffffff;\" href=\"http:\/\/bip.asiis.edu.pl\/wp-content\/uploads\/2024\/02\/oswiadczenie_nr_1.pdf\" target=\"_blank\" rel=\"noopener\"><b>(o\u015bwiadczenie nr 1)<\/b><\/a><\/p><p>*o\u015bwiadczenie rodzica (opiekuna prawnego) dziecka o kontynuacji edukacji przedszkolnej przez rodze\u0144stwo kandydata w tym samym oddziale przedszkolnym w publicznej szkole podstawowej lub nauki w szkole podstawowej lub zg\u0142oszenie jednocze\u015bnie\u00a0 do tej samej plac\u00f3wki dwoje lub wi\u0119cej dzieci\u00a0<a style=\"background-color: #ffffff;\" href=\"http:\/\/bip.asiis.edu.pl\/wp-content\/uploads\/2024\/02\/oswiadczenie_nr_6.pdf\" target=\"_blank\" rel=\"noopener\"><b>(o\u015bwiadczenie nr 6)<\/b><\/a><\/p><p>*o\u015bwiadczenie rodzica (opiekuna prawnego) dziecka o zamieszkiwaniu na terenie gminy Chojna i rozliczaniu podatku dochodowego od os\u00f3b fizycznych do w\u0142a\u015bciwego terytorialnie dla gminy Chojna urz\u0119du skarbowego, jako mieszka\u0144cy gminy Chojna (<a style=\"background-color: #ffffff;\" href=\"http:\/\/bip.asiis.edu.pl\/wp-content\/uploads\/2024\/02\/oswiadczenie_nr_5.pdf\" target=\"_blank\" rel=\"noopener\"><b>o\u015bwiadczenie nr 5)<\/b><\/a><\/p><p>W celu weryfikacji o\u015bwiadcze\u0144 przewodnicz\u0105cy komisji rekrutacyjnej mo\u017ce:<\/p><p>\u017c\u0105da\u0107 dokument\u00f3w potwierdzaj\u0105cych okoliczno\u015bci zawarte w o\u015bwiadczeniach, w terminie wyznaczonych przez przewodnicz\u0105cego,<\/p><p>mo\u017ce zwr\u00f3ci\u0107 si\u0119 do W\u00f3jta\/ Burmistrza\/Prezydenta w\u0142a\u015bciwego ze wzgl\u0119du na miejsce zamieszkania kandydata o potwierdzenie tych okoliczno\u015bci. Ponadto w celu potwierdzenia okoliczno\u015bci zawartych w o\u015bwiadczeniach W\u00f3jt\/ Burmistrz\/Prezydent korzysta z informacji, kt\u00f3re zna z urz\u0119du lub mo\u017ce wyst\u0105pi\u0107 do instytucji publicznych o udzielenie informacji o\u00a0 okoliczno\u015bciach zawartych w o\u015bwiadczeniach, je\u017celi instytucje te posiadaj\u0105 takie informacje;<\/p><p>o\u015bwiadczenie o samotnym wychowywaniu dziecka mo\u017ce by\u0107 zweryfikowane w drodze wywiadu przeprowadzonego przez W\u00f3jta\/ Burmistrza\/Prezydenta w\u0142a\u015bciwego ze wzgl\u0119du na miejsce zamieszkania kandydata. Do wywiadu stosuje si\u0119 odpowiednio przepisy dotycz\u0105ce rodzinnego wywiadu \u015brodowiskowego przeprowadzanego w celu ustalenia prawa do \u015bwiadczenia wychowawczego, o kt\u00f3rym mowa w ustawie z dnia 11 lutego 2016 r. o\u00a0 pomocy pa\u0144stwa w wychowaniu dzieci (Dz. U. z 2023 r. poz. 810 ze zm.)<\/p><p><a href=\"http:\/\/bip.asiis.edu.pl\/wp-content\/uploads\/2024\/02\/Wniosek.docx\" target=\"_blank\" rel=\"noopener\"><b>Wniosek o przyj\u0119cie dziecka do oddzia\u0142u przedszkolnego w szkole podstawowej\/przedszkola<\/b><\/a><\/p><p><strong>ZARZ\u0104DZENIE Nr 41\/2021 BURMISTRZA GMINY CHOJNA z dnia 27 stycznia 2021 r.<\/strong> w\u00a0 sprawie ustalenia wzoru wniosku o przyj\u0119cie dziecka do oddzia\u0142u przedszkolnego w szkole podstawowej, przedszkola.<a href=\"http:\/\/bip.asiis.edu.pl\/wp-content\/uploads\/2024\/02\/Zarzadzenie-Nr-212021-z-dnia-27-stycznia-2021.pdf\"><b>(pobierz pdf)<\/b><\/a><\/p><p><strong>ZARZ\u0104DZENIE Nr 9\/2024 BURMISTRZA GMINY CHOJNA z dnia 17 stycznia 2024 r.<\/strong> w\u00a0 sprawie ustalenia harmonogramu czynno\u015bci w post\u0119powaniu rekrutacyjnym i post\u0119powaniu uzupe\u0142niaj\u0105cym na rok szkolny 2024\/2025 do Bajkowego Przedszkola Miejskiego w\u00a0 Chojnie, dla kt\u00f3rego organem prowadz\u0105cym jest Gmina Chojna.<a style=\"background-color: #ffffff;\" href=\"http:\/\/bip.asiis.edu.pl\/wp-content\/uploads\/2024\/02\/Zarzadzenie-Nr-9_2024-z-17-stycznia-2024-r.-w-sprawie-rekrutacji-do-Bajkowego-Przedszkola-Miejskiego-w-Chojnie.pdf\" target=\"_blank\" rel=\"noopener\"><b>(pobierz pdf)<\/b><\/a><\/p><p><strong>ZARZ\u0104DZENIE Nr 10\/2024 BURMISTRZA GMINY CHOJNA z dnia 17 stycznia 2024 r.<\/strong> w\u00a0 sprawie ustalenia harmonogramu czynno\u015bci w post\u0119powaniu rekrutacyjnym i post\u0119powaniu uzupe\u0142niaj\u0105cym na rok szkolny 2024\/2025 do oddzia\u0142\u00f3w przedszkolnych w publicznych szko\u0142ach podstawowych, dla kt\u00f3rych organem prowadz\u0105cym jest Gmina Chojna.<a style=\"background-color: #ffffff;\" href=\"http:\/\/bip.asiis.edu.pl\/wp-content\/uploads\/2024\/02\/Zarzadzenie-Nr-10_2024-z-17-stycznia-w-sprawie-rekrutacji-do-oddzialow-przedszkolnych-w-publicznych-skolach-podstawowych.pdf\" target=\"_blank\" rel=\"noopener\"><b>(pobierz pdf)<\/b><\/a><\/p><p><strong>REKRUTACJA DO KLAS I W PUBLICZNYCH SZKO\u0141ACH PODSTAWOWYCH\u00a0<\/strong><\/p><p><strong>od 01.03.2024 r. do 22.03.2024 r. (w godz. od 8:00 do 15:00):<\/strong> z\u0142o\u017cenie wniosku o przyj\u0119cie do klasy I szko\u0142y podstawowej wraz z dokumentami potwierdzaj\u0105cymi spe\u0142nianie przez\u00a0 kandydata warunk\u00f3w lub kryteri\u00f3w branych pod uwag\u0119 w post\u0119powaniu rekrutacyjnym<\/p><p><strong>od 25.03.2024 r. do 29.03.2024 r.:<\/strong> weryfikacja przez komisj\u0119 rekrutacyjn\u0105 wniosk\u00f3w o przyj\u0119cie do szko\u0142y podstawowej i dokument\u00f3w potwierdzaj\u0105cych spe\u0142nianie przez kandydata warunk\u00f3w lub kryteri\u00f3w branych pod uwag\u0119 w post\u0119powaniu rekrutacyjnym, w tym dokonanie przez przewodnicz\u0105cego komisji rekrutacyjnej czynno\u015bci, o kt\u00f3rych mowa w<strong> art. 150 ust. 7 ustawy z dnia 14\u00a0 grudnia 2016r. Prawo o\u015bwiatowe<\/strong><\/p><p><strong>do 04.04.2024 r.:<\/strong> Podanie do publicznej wiadomo\u015bci przez komisj\u0119 rekrutacyjn\u0105 listy kandydat\u00f3w zakwalifikowanych i kandydat\u00f3w niezakwalifikowanych<\/p><p><strong>od 05.04.2024 r. do 12.04.2024 r.:<\/strong> Potwierdzenie przez rodzica kandydata woli przyj\u0119cia w postaci pisemnego o\u015bwiadczenia <strong>Niez\u0142o\u017cenie o\u015bwiadczenia jest jednoznaczne z rezygnacj\u0105 z miejsca w\u00a0 publicznej szkole podstawowej<\/strong><\/p><p><strong>18.04.2024 r.:<\/strong> podanie do publicznej wiadomo\u015bci przez komisj\u0119 rekrutacyjn\u0105 listy kandydat\u00f3w przyj\u0119tych i kandydat\u00f3w nieprzyj\u0119tych<\/p><p><strong>Szczeg\u00f3\u0142owe informacje mo\u017cna uzyska\u0107 w publicznych szko\u0142ach podstawowych, dla kt\u00f3rych organem prowadz\u0105cym jest Gmina Chojna<\/strong><\/p><p>1.Publiczna Szko\u0142a Podstawowa nr 1 im. Janusza Korczaka w Chojnie, Szkolna 15,<\/p><p>tel.91 414 39 55 lub 91 414 36 26<\/p><p>2. Publiczna Szko\u0142a Podstawowa nr 2 im. Kornela Makuszy\u0144skiego w Chojnie, ul. \u017bwirki i\u00a0 Wigury 10, tel. 91 414 27 03<\/p><p>3.\u00a0 Publiczna Szko\u0142a Podstawowa im. Olimpijczyk\u00f3w Polskich w Krzymowie, Krzym\u00f3w 29, tel.91 414 33 26<\/p><p>4. Publiczna Szko\u0142a Podstawowa im. Wsp\u00f3lnej Europy w Nawodnej, Nawodna 93,<\/p><p>tel. 91 414 72 47<\/p><p>5.Publiczna Szko\u0142a Podstawowa im. Marii Konopnickiej w Grzybnie, Grzybno 23,\u00a0<\/p><p>tel. 91 414 77 95<\/p><p><strong>Okre\u015blono kryteria dla kandydat\u00f3w zamieszka\u0142ych poza obwodem szk\u00f3\u0142 do klas I szk\u00f3\u0142 podstawowych<\/strong> w Uchwale Nr XXVI\/200\/2020 Rady Miejskiej w Chojnie z dnia 17 grudnia 2020 r. (Dz. Urz. Woj. Zachodniopomorskiego z 2021, poz. 137) w sprawie okre\u015blenia kryteri\u00f3w rekrutacji do przedszkola, oddzia\u0142\u00f3w przedszkolnych w\u00a0 szko\u0142ach podstawowych i szk\u00f3\u0142 podstawowych, dla kt\u00f3rych organem prowadz\u0105cym jest Gmina Chojna :<\/p><p>* Kandydat, kt\u00f3rego rodze\u0144stwo spe\u0142nia obowi\u0105zek szkolny w danej szkole \u2013<strong> 10 pkt<\/strong><\/p><p>* Kandydat, kt\u00f3rego rodzice (opiekunowie prawni) posiadaj\u0105 miejsce pracy w obwodzie szko\u0142y. Kryterium stosuje si\u0119 r\u00f3wnie\u017c do rodzica (opiekuna prawnego) samotnie wychowuj\u0105cego dziecko \u2013 <strong>7\u00a0 pkt<\/strong><\/p><p>* Kandydat, kt\u00f3rego w obwodzie szko\u0142y zamieszkuj\u0105 krewni dziecka (m.in. babcia, dziadek) wspieraj\u0105cych rodzic\u00f3w (opiekun\u00f3w prawnych) w zapewnieniu mu nale\u017cytej opieki \u2013<strong> 5 pkt<\/strong><\/p><p><strong>ZARZ\u0104DZENIE Nr 11\/2024 BURMISTRZA GMINY CHOJNA z dnia 17 stycznia 2024 r.<\/strong> w\u00a0 sprawie ustalenia harmonogramu czynno\u015bci w post\u0119powaniu rekrutacyjnym i post\u0119powaniu uzupe\u0142niaj\u0105cym na rok szkolny 2024\/2025 do klas pierwszych Publicznych Szk\u00f3\u0142 Podstawowych, dla kt\u00f3rych organem prowadz\u0105cym jest Gmina Chojna.<a style=\"background-color: #ffffff;\" href=\"http:\/\/bip.asiis.edu.pl\/wp-content\/uploads\/2024\/02\/Zarzadzenie-Nr-11_2024-z-17-stycznia-2024-r.-w-sprawie-rekrutacji-do-klas-I-w-publicznych-szkolach-podstawowych.pdf\" target=\"_blank\" rel=\"noopener\"><b>(pobierz pdf)<\/b><\/a><\/p><p><strong>Uchwa\u0142a Nr XXVI\/200\/2020 Rady Miejskiej w Chojnie z dnia 17 grudni 2020 r.<\/strong> (Dz. Urz. Woj. Zachodniopomorskiego z 2021, poz. 137) w sprawie okre\u015blenia kryteri\u00f3w rekrutacji do\u00a0 przedszkola, oddzia\u0142\u00f3w przedszkolnych w\u00a0 szko\u0142ach podstawowych i szk\u00f3\u0142 podstawowych, dla kt\u00f3rych organem prowadz\u0105cym jest Gmina Chojna<a href=\"http:\/\/bip.asiis.edu.pl\/wp-content\/uploads\/2024\/02\/Uchwala-XXVI2002020.pdf\"><b> (pobierz pdf)<\/b><\/a><\/p><p>\u00a0<\/p><p>Sporz\u0105dzi\u0142a:<\/p><p>Weronika Kotli\u0144ska<\/p><p>dyrektor ASiIS\u00a0<\/p><p>w Chojnie<\/p>\t\t\t\t\t\t<\/div>\n\t\t\t\t<\/div>\n\t\t\t\t\t<\/div>\n\t\t<\/div>\n\t\t\t\t\t<\/div>\n\t\t<\/section>\n\t\t\t\t<\/div>\n\t\t","protected":false},"excerpt":{"rendered":"<p>INFORMACJA O NABORZE DO ODDZIA\u0141\u00d3W PRZEDSZKOLNYCH W&nbsp; PUBLICZNYCH SZKO\u0141ACH PODSTAWOWYCH I PRZEDSZKOLU NA ROK SZKOLNY 2024\/2025 oraz REKRUTACJA DO KLAS I W PUBLICZNYCH SZKO\u0141ACH PODSTAWOWYCH GMINY CHOJNA Od dnia 1 marca 2024 r. rozpocznie si\u0119 rekrutacja do oddzia\u0142\u00f3w przedszkolnych w\u00a0 publicznych szko\u0142ach podstawowych i Bajkowym Przedszkolu Miejskim w Chojnie oraz do klas I szk\u00f3\u0142 podstawowych [&hellip;]<\/p>\n","protected":false},"author":1,"featured_media":0,"parent":0,"menu_order":0,"comment_status":"closed","ping_status":"closed","template":"","meta":{"footnotes":""},"class_list":["post-1324","page","type-page","status-publish","hentry"],"_links":{"self":[{"href":"http:\/\/bip.asiis.edu.pl\/index.php?rest_route=\/wp\/v2\/pages\/1324","targetHints":{"allow":["GET"]}}],"collection":[{"href":"http:\/\/bip.asiis.edu.pl\/index.php?rest_route=\/wp\/v2\/pages"}],"about":[{"href":"http:\/\/bip.asiis.edu.pl\/index.php?rest_route=\/wp\/v2\/types\/page"}],"author":[{"embeddable":true,"href":"http:\/\/bip.asiis.edu.pl\/index.php?rest_route=\/wp\/v2\/users\/1"}],"replies":[{"embeddable":true,"href":"http:\/\/bip.asiis.edu.pl\/index.php?rest_route=%2Fwp%2Fv2%2Fcomments&post=1324"}],"version-history":[{"count":52,"href":"http:\/\/bip.asiis.edu.pl\/index.php?rest_route=\/wp\/v2\/pages\/1324\/revisions"}],"predecessor-version":[{"id":2929,"href":"http:\/\/bip.asiis.edu.pl\/index.php?rest_route=\/wp\/v2\/pages\/1324\/revisions\/2929"}],"wp:attachment":[{"href":"http:\/\/bip.asiis.edu.pl\/index.php?rest_route=%2Fwp%2Fv2%2Fmedia&parent=1324"}],"curies":[{"name":"wp","href":"https:\/\/api.w.org\/{rel}","templated":true}]}}