{"id":106,"date":"2020-06-07T19:02:20","date_gmt":"2020-06-07T17:02:20","guid":{"rendered":"http:\/\/bip.asiis.edu.pl\/?page_id=106"},"modified":"2023-01-13T13:29:19","modified_gmt":"2023-01-13T12:29:19","slug":"rozklady-jazdy-autobusow","status":"publish","type":"page","link":"http:\/\/bip.asiis.edu.pl\/?page_id=106","title":{"rendered":"Rozk\u0142ady jazdy autobus\u00f3w"},"content":{"rendered":"\t\t<div data-elementor-type=\"wp-page\" data-elementor-id=\"106\" class=\"elementor elementor-106\" data-elementor-post-type=\"page\">\n\t\t\t\t\t\t<section class=\"elementor-section elementor-top-section elementor-element elementor-element-7c7f89b elementor-section-boxed elementor-section-height-default elementor-section-height-default\" data-id=\"7c7f89b\" data-element_type=\"section\">\n\t\t\t\t\t\t<div class=\"elementor-container elementor-column-gap-default\">\n\t\t\t\t\t<div class=\"elementor-column elementor-col-100 elementor-top-column elementor-element elementor-element-eee84b9\" data-id=\"eee84b9\" data-element_type=\"column\">\n\t\t\t<div class=\"elementor-widget-wrap elementor-element-populated\">\n\t\t\t\t\t\t<div class=\"elementor-element elementor-element-20846f5 elementor-widget elementor-widget-text-editor\" data-id=\"20846f5\" data-element_type=\"widget\" data-widget_type=\"text-editor.default\">\n\t\t\t\t<div class=\"elementor-widget-container\">\n\t\t\t\t\t\t\t<h3>Rozk\u0142ad jazdy od wrze\u015bnia do grudnia 2022 roku<\/h3>\t\t\t\t\t\t<\/div>\n\t\t\t\t<\/div>\n\t\t\t\t\t<\/div>\n\t\t<\/div>\n\t\t\t\t\t<\/div>\n\t\t<\/section>\n\t\t\t\t<section class=\"elementor-section elementor-top-section elementor-element elementor-element-4986ce78 elementor-section-boxed elementor-section-height-default elementor-section-height-default\" data-id=\"4986ce78\" data-element_type=\"section\">\n\t\t\t\t\t\t<div class=\"elementor-container elementor-column-gap-default\">\n\t\t\t\t\t<div class=\"elementor-column elementor-col-100 elementor-top-column elementor-element elementor-element-76f35fb9\" data-id=\"76f35fb9\" data-element_type=\"column\">\n\t\t\t<div class=\"elementor-widget-wrap elementor-element-populated\">\n\t\t\t\t\t\t<div class=\"elementor-element elementor-element-6eec3879 elementor-widget elementor-widget-heading\" data-id=\"6eec3879\" data-element_type=\"widget\" data-widget_type=\"heading.default\">\n\t\t\t\t<div class=\"elementor-widget-container\">\n\t\t\t<h4 class=\"elementor-heading-title elementor-size-default\"><a href=\"http:\/\/bip.asiis.edu.pl\/index.php\/2021\/09\/05\/linia-1\/\">Linia 1\nBia\u0142\u0119gi- Narost- Brwice- Czartoryja Osiedle- Czartoryja- Barnkowo- Chojna ul. \u017b\u00f3\u0142kiewskiego- Chojna ul. Szkolna \n<\/a><\/h4>\t\t<\/div>\n\t\t\t\t<\/div>\n\t\t\t\t<div class=\"elementor-element elementor-element-5657a8b2 elementor-widget elementor-widget-heading\" data-id=\"5657a8b2\" data-element_type=\"widget\" data-widget_type=\"heading.default\">\n\t\t\t\t<div class=\"elementor-widget-container\">\n\t\t\t<h4 class=\"elementor-heading-title elementor-size-default\"><a href=\"http:\/\/bip.asiis.edu.pl\/index.php\/2021\/09\/05\/linia-2\/\">Linia 2 - Jelenin-Godk\u00f3w -Godk\u00f3w Osiedle-Kaliska-Chojna ul. Szkolna -Chojna ul. \u017bwirki i Wigury -                           Chojna ul. \u017b\u00f3\u0142kiewskiego<\/a><\/h4>\t\t<\/div>\n\t\t\t\t<\/div>\n\t\t\t\t<div class=\"elementor-element elementor-element-7822fe34 elementor-widget elementor-widget-heading\" data-id=\"7822fe34\" data-element_type=\"widget\" data-widget_type=\"heading.default\">\n\t\t\t\t<div class=\"elementor-widget-container\">\n\t\t\t<h4 class=\"elementor-heading-title elementor-size-default\"><a href=\"http:\/\/bip.asiis.edu.pl\/index.php\/2021\/09\/05\/linia-3\/\">Linia 3 - \u0141aziszcze-M\u0119tno-M\u0119tno Le\u015bnicz\u00f3wka- Chojna ul. \u017bwirki i Wigury-Chojna ul. Szkolna -                             Chojna ul. \u017b\u00f3\u0142kiewskiego<\/a><\/h4>\t\t<\/div>\n\t\t\t\t<\/div>\n\t\t\t\t<div class=\"elementor-element elementor-element-4f78272e elementor-widget elementor-widget-heading\" data-id=\"4f78272e\" data-element_type=\"widget\" data-widget_type=\"heading.default\">\n\t\t\t\t<div class=\"elementor-widget-container\">\n\t\t\t<h4 class=\"elementor-heading-title elementor-size-default\"><a href=\"http:\/\/bip.asiis.edu.pl\/index.php\/2021\/09\/05\/linia-4\/\">Linia 4 - Kamienny Jaz-Rurka-Strzelczyn-Grzybno-Strzeszewko-Grzybno-Chojna ul. Szkolna -                           Chojna ul. \u017b\u00f3\u0142kiewskiego<\/a><\/h4>\t\t<\/div>\n\t\t\t\t<\/div>\n\t\t\t\t<div class=\"elementor-element elementor-element-6ff10370 elementor-widget elementor-widget-heading\" data-id=\"6ff10370\" data-element_type=\"widget\" data-widget_type=\"heading.default\">\n\t\t\t\t<div class=\"elementor-widget-container\">\n\t\t\t<h4 class=\"elementor-heading-title elementor-size-default\"><a href=\"http:\/\/bip.asiis.edu.pl\/index.php\/2021\/09\/05\/linia-5\/\">Linia 5 - Ognica -Zato\u0144 Dolna -Krzym\u00f3w- Stoki -Krajnik Dolny -Grabowo -Chojna ul. Szkolna-                  Chojna ul. \u017b\u00f3\u0142kiewskiego<\/a><\/h4>\t\t<\/div>\n\t\t\t\t<\/div>\n\t\t\t\t<div class=\"elementor-element elementor-element-28de42de elementor-widget elementor-widget-heading\" data-id=\"28de42de\" data-element_type=\"widget\" data-widget_type=\"heading.default\">\n\t\t\t\t<div class=\"elementor-widget-container\">\n\t\t\t<h4 class=\"elementor-heading-title elementor-size-default\"><a href=\"http:\/\/bip.asiis.edu.pl\/index.php\/2021\/11\/16\/krajnik-dolny-krajnik-gorny-grabowo-krzymow-krzymow-skrzyzowanie-chojna-ul-szkolna-chojna-ul-zolkiewskiego-obowiazuje-od-02-11-2021-r\/\">Linia 6  - Krajnik Dolny \u2013 Krajnik G\u00f3rny \u2013 Grabowo \u2013 Krzym\u00f3w -Krzym\u00f3w Skrzy\u017cowanie \u2013                        Chojna ul. Szkolna- Chojna ul. \u017b\u00f3\u0142kiewskiego - OBOWI\u0104ZUJE OD 02.11.2021 r.<\/a><\/h4>\t\t<\/div>\n\t\t\t\t<\/div>\n\t\t\t\t<div class=\"elementor-element elementor-element-57d5a8bc elementor-widget elementor-widget-heading\" data-id=\"57d5a8bc\" data-element_type=\"widget\" data-widget_type=\"heading.default\">\n\t\t\t\t<div class=\"elementor-widget-container\">\n\t\t\t<h4 class=\"elementor-heading-title elementor-size-default\"><a href=\"http:\/\/bip.asiis.edu.pl\/index.php\/2021\/09\/05\/linia-6\/\">Linia 6 - Krajnik Dolny \u2013 Krajnik G\u00f3rny \u2013 Grabowo \u2013 Krzym\u00f3w -Krzym\u00f3w Skrzy\u017cowanie \u2013                        Chojna ul. Szkolna- Chojna ul. \u017b\u00f3\u0142kiewskiego<\/a><\/h4>\t\t<\/div>\n\t\t\t\t<\/div>\n\t\t\t\t<div class=\"elementor-element elementor-element-61bbcf50 elementor-widget elementor-widget-heading\" data-id=\"61bbcf50\" data-element_type=\"widget\" data-widget_type=\"heading.default\">\n\t\t\t\t<div class=\"elementor-widget-container\">\n\t\t\t<h4 class=\"elementor-heading-title elementor-size-default\"><a href=\"http:\/\/bip.asiis.edu.pl\/index.php\/2021\/09\/05\/linia-7\/\">Linia 7 - Graniczna - Lisie Pola Kolonia - Lisie Pole - Nawodna (szko\u0142a) -Nawodna (krzy\u017c\u00f3wka) -Bara - Chojna ul. Szkolna-\nChojna \u017bwirki i Wigury - Chojna ul. \u017b\u00f3\u0142kiewskiego\n\n<\/a><\/h4>\t\t<\/div>\n\t\t\t\t<\/div>\n\t\t\t\t<div class=\"elementor-element elementor-element-763c4935 elementor-widget elementor-widget-heading\" data-id=\"763c4935\" data-element_type=\"widget\" data-widget_type=\"heading.default\">\n\t\t\t\t<div class=\"elementor-widget-container\">\n\t\t\t<h4 class=\"elementor-heading-title elementor-size-default\"><a href=\"http:\/\/bip.asiis.edu.pl\/index.php\/2021\/09\/05\/linia-8\/\">Linia 8 - Chojna ul. S\u0142oneczna- Chojna SP nr 2 ul. \u017bwirki i Wigury- Chojna ul. \u017b\u00f3\u0142kiewskiego\n<\/a><\/h4>\t\t<\/div>\n\t\t\t\t<\/div>\n\t\t\t\t<div class=\"elementor-element elementor-element-7ebaae53 elementor-widget elementor-widget-heading\" data-id=\"7ebaae53\" data-element_type=\"widget\" data-widget_type=\"heading.default\">\n\t\t\t\t<div class=\"elementor-widget-container\">\n\t\t\t<h4 class=\"elementor-heading-title elementor-size-default\"><a href=\"http:\/\/bip.asiis.edu.pl\/index.php\/2021\/09\/05\/linia-platna-chojna\/\">Linia p\u0142atna Chojna - Barnkowo (sklep) \u2013 ul. Ogrodowa - ul. S\u0142oneczna \u2013 ul. Mieszka I \u2013 ul. Odrza\u0144ska \u2013 ul.  \u017bwirki  i  Wigury \u2013 ul. \u017b\u00f3\u0142kiewskiego<\/a><\/h4>\t\t<\/div>\n\t\t\t\t<\/div>\n\t\t\t\t\t<\/div>\n\t\t<\/div>\n\t\t\t\t\t<\/div>\n\t\t<\/section>\n\t\t\t\t<\/div>\n\t\t","protected":false},"excerpt":{"rendered":"<p>Rozk\u0142ad jazdy od wrze\u015bnia do grudnia 2022 roku Linia 1 Bia\u0142\u0119gi- Narost- Brwice- Czartoryja Osiedle- Czartoryja- Barnkowo- Chojna ul. \u017b\u00f3\u0142kiewskiego- Chojna ul. Szkolna Linia 2 &#8211; Jelenin-Godk\u00f3w -Godk\u00f3w Osiedle-Kaliska-Chojna ul. Szkolna -Chojna ul. \u017bwirki i Wigury &#8211; Chojna ul. \u017b\u00f3\u0142kiewskiego Linia 3 &#8211; \u0141aziszcze-M\u0119tno-M\u0119tno Le\u015bnicz\u00f3wka- Chojna ul. \u017bwirki i Wigury-Chojna ul. Szkolna &#8211; Chojna ul. [&hellip;]<\/p>\n","protected":false},"author":1,"featured_media":0,"parent":0,"menu_order":0,"comment_status":"closed","ping_status":"closed","template":"","meta":{"footnotes":""},"class_list":["post-106","page","type-page","status-publish","hentry"],"_links":{"self":[{"href":"http:\/\/bip.asiis.edu.pl\/index.php?rest_route=\/wp\/v2\/pages\/106","targetHints":{"allow":["GET"]}}],"collection":[{"href":"http:\/\/bip.asiis.edu.pl\/index.php?rest_route=\/wp\/v2\/pages"}],"about":[{"href":"http:\/\/bip.asiis.edu.pl\/index.php?rest_route=\/wp\/v2\/types\/page"}],"author":[{"embeddable":true,"href":"http:\/\/bip.asiis.edu.pl\/index.php?rest_route=\/wp\/v2\/users\/1"}],"replies":[{"embeddable":true,"href":"http:\/\/bip.asiis.edu.pl\/index.php?rest_route=%2Fwp%2Fv2%2Fcomments&post=106"}],"version-history":[{"count":11,"href":"http:\/\/bip.asiis.edu.pl\/index.php?rest_route=\/wp\/v2\/pages\/106\/revisions"}],"predecessor-version":[{"id":1262,"href":"http:\/\/bip.asiis.edu.pl\/index.php?rest_route=\/wp\/v2\/pages\/106\/revisions\/1262"}],"wp:attachment":[{"href":"http:\/\/bip.asiis.edu.pl\/index.php?rest_route=%2Fwp%2Fv2%2Fmedia&parent=106"}],"curies":[{"name":"wp","href":"https:\/\/api.w.org\/{rel}","templated":true}]}}