{"id":104,"date":"2020-06-07T19:02:01","date_gmt":"2020-06-07T17:02:01","guid":{"rendered":"http:\/\/bip.asiis.edu.pl\/?page_id=104"},"modified":"2023-01-12T15:07:32","modified_gmt":"2023-01-12T14:07:32","slug":"obowiazek-nauki-obowiazek-szkolny","status":"publish","type":"page","link":"http:\/\/bip.asiis.edu.pl\/?page_id=104","title":{"rendered":"Obowi\u0105zek nauki\/obowi\u0105zek szkolny"},"content":{"rendered":"\t\t<div data-elementor-type=\"wp-page\" data-elementor-id=\"104\" class=\"elementor elementor-104\" data-elementor-post-type=\"page\">\n\t\t\t\t\t\t<section class=\"elementor-section elementor-top-section elementor-element elementor-element-29f3d5d3 elementor-section-boxed elementor-section-height-default elementor-section-height-default\" data-id=\"29f3d5d3\" data-element_type=\"section\">\n\t\t\t\t\t\t<div class=\"elementor-container elementor-column-gap-default\">\n\t\t\t\t\t<div class=\"elementor-column elementor-col-100 elementor-top-column elementor-element elementor-element-10f6f83d\" data-id=\"10f6f83d\" data-element_type=\"column\">\n\t\t\t<div class=\"elementor-widget-wrap elementor-element-populated\">\n\t\t\t\t\t\t<div class=\"elementor-element elementor-element-3d7c6043 elementor-widget elementor-widget-text-editor\" data-id=\"3d7c6043\" data-element_type=\"widget\" data-widget_type=\"text-editor.default\">\n\t\t\t\t<div class=\"elementor-widget-container\">\n\t\t\t\t\t\t\t<p><strong>EGZEKUCJA OBOWI\u0104ZKU: ROCZNEGO PRZYGOTOWANIA PRZEDSZKOLNEGO, SZKOLNEGO LUB NAUKI<\/strong><\/p>\n<p><strong>&nbsp;<\/strong><\/p>\n<p><strong>PODSTAWA PRAWNA:<\/strong><\/p>\n<p><\/p>\n<p>Ustawa z dnia 14 grudnia 2016 r. Prawo O\u015bwiatowe, zwana dalej ,,Prawo O\u015bwiatowe\u201d<\/p>\n<p>Ustawa z dnia 17 czerwca 1966 r. o post\u0119powaniu egzekucyjnym w administracji, zwana dalej \u201eustaw\u0105 egzekucyjn\u0105\u201d.<\/p>\n<p>Zgodnie z art. 35 ust. 1 ustawy Prawo o\u015bwiatowe, nauka jest obowi\u0105zkowa do uko\u0144czenia 18 roku \u017cycia.<\/p>\n<p>Zgodnie z art. 42 ust. 1 ustawy Prawo o\u015bwiatowe, niespe\u0142nianie obowi\u0105zku, o kt\u00f3rym mowa w art. 31 ust. 4 (tj.: obowi\u0105zku rocznego przygotowania przedszkolnego w przedszkolu, oddziale przedszkolnym w szkole podstawowej lub w innej formie wychowania przedszkolnego), obowi\u0105zku szkolnego lub obowi\u0105zku nauki podlega egzekucji w trybie przepis\u00f3w o post\u0119powaniu egzekucyjnym w administracji.<\/p>\n<p>Na gruncie ustawy z dnia 17 czerwca 1966 r. o post\u0119powaniu egzekucyjnym w administracji obowi\u0105zek nauki nale\u017c\u0105 do kategorii obowi\u0105zk\u00f3w o charakterze niepieni\u0119\u017cnym (art. 2 \u00a7 1 pkt 10).<\/p>\n<p>\u015arodkiem przymuszaj\u0105cym do wyegzekwowania realizowania rocznego przygotowania przedszkolnego, obowi\u0105zku szkolnego lub obowi\u0105zku nauki, jest grzywna w celu przymuszenia.<\/p>\n<p>Grzywny nie stosuje si\u0119 wobec ucznia, jako osoby ma\u0142oletniej. Zgodnie z art. 120 \u00a7 2 ustawy egzekucyjnej, nieucz\u0119szczanie dziecka do szko\u0142y skutkowa\u0107 b\u0119dzie na\u0142o\u017ceniem grzywny&nbsp; na jego przedstawicieli ustawowych Tym samym egzekwowany b\u0119dzie rodzicielski obowi\u0105zek zapewnienia regularnego ucz\u0119szczania dziecka na zaj\u0119cia.<\/p>\n<p><\/p>\n<p><strong>OBOWI\u0104ZEK ROCZNEGO PRZYGOTOWANIA SZKOLNEGO<\/strong><\/p>\n<p>Zgodnie z art. 31 ustawy Prawo O\u015bwiatowe:<\/p>\n<p><\/p>\n<p>31 ust 1- Wychowanie przedszkolne obejmuje dzieci od pocz\u0105tku roku szkolnego w roku kalendarzowym w kt\u00f3rym dziecko ko\u0144czy 3 lata, a\u017c do ko\u0144ca roku szkolnego w&nbsp; roku kalendarzowym, w kt\u00f3rym dziecko ko\u0144czy 7 lat. Wychowanie przedszkolne jest realizowane w przedszkolach, oddzia\u0142ach przedszkolnych w szko\u0142ach podstawowych oraz w innych formach wychowania przedszkolnego.<\/p>\n<p>31 ust.2- W przypadku dzieci posiadaj\u0105cych orzeczenie o potrzebie kszta\u0142cenia specjalnego wychowaniem przedszkolnym mo\u017ce by\u0107 obj\u0119te dziecko w wieku powy\u017cej 7 lat, nie d\u0142u\u017cej jednak ni\u017c do ko\u0144ca roku kalendarzowego, w kt\u00f3rym dziecko ko\u0144czy 9&nbsp; lat.<\/p>\n<p>31 ust.4- Dziecko w wieku 6 lat jest obowi\u0105zane odby\u0107 roczne przygotowanie przedszkolne, w przedszkolu, oddziale przedszkolnym w szkole podstawowej lub w&nbsp; innej formie wychowania przedszkolnego.<\/p>\n<p>31 ust 5- Obowi\u0105zek, o kt\u00f3rym mowa w ust.4, rozpoczyna si\u0119 z pocz\u0105tkiem roku szkolnego w roku kalendarzowym, w kt\u00f3rym dziecko ko\u0144czy 6 lat. W przypadku dziecka, o kt\u00f3rym mowa w ust.2, obowi\u0105zek ten rozpoczyna si\u0119 z pocz\u0105tkiem roku szkolnego poprzedzaj\u0105cego rok szkolny, w kt\u00f3rym dziecko rozpocznie spe\u0142nianie obowi\u0105zku szkolnego.<\/p>\n<p><\/p>\n<p><strong>OBOWI\u0104ZEK SZKOLNY<\/strong><\/p>\n<p>Zgodnie z art. 35 ust.2 ustawy Prawo O\u015bwiatowe, obowi\u0105zek szkolny dziecka rozpoczyna si\u0119 z pocz\u0105tkiem roku szkolnego, w roku kalendarzowym, w kt\u00f3rym dziecko ko\u0144czy 7 lat, oraz trwa do uko\u0144czenia szko\u0142y podstawowej, nie d\u0142u\u017cej jednak ni\u017c do uko\u0144czenia 18 roku \u017cycia.<\/p>\n<p><\/p>\n<p>Zgodnie z art. 36 ust.1 ustawy Prawo O\u015bwiatowe, na wniosek rodzic\u00f3w nauk\u0119 w szkole podstawowej mo\u017ce tak\u017ce rozpocz\u0105\u0107 dziecko, kt\u00f3re w danym roku kalendarzowym ko\u0144czy 6 lat.<\/p>\n<p>Zgodnie z art.36 ust.8 ustawy Prawo O\u015bwiatowe, obowi\u0105zek szkolny spe\u0142nia si\u0119 przez ucz\u0119szczanie do szko\u0142y podstawowej publicznej albo niepublicznej.<\/p>\n<p><\/p>\n<p>Zgodnie z art.40 ust.1 ustawy Prawo O\u015bwiatowe, rodzice dziecka podlegaj\u0105cego obowi\u0105zkowi szkolnemu s\u0105 zobowi\u0105zani do:<\/p>\n<p><\/p>\n<p>Dope\u0142nienia czynno\u015bci zwi\u0105zanych ze zg\u0142oszeniem dziecka do szko\u0142y;<\/p>\n<p>Zapewnienia regularnego ucz\u0119szczania na zaj\u0119cia szkolne;<\/p>\n<p>Zapewnienia dziecku warunk\u00f3w umo\u017cliwiaj\u0105cych przygotowanie si\u0119 do zaj\u0119\u0107;<\/p>\n<p>Informowania, w terminie do 30 wrze\u015bnia ka\u017cdego roku, dyrektora szko\u0142y podstawowej, w&nbsp; obwodzie kt\u00f3rej dziecko mieszka, o realizacji obowi\u0105zku szkolnego spe\u0142nianego w spos\u00f3b okre\u015blony w art. 36 ust 10 lub 11.<\/p>\n<p><strong>OBOWI\u0104ZEK NAUKI<\/strong><\/p>\n<p>Zgodnie z art. 36 ust.9 ustawy Prawo O\u015bwiatowe, po uko\u0144czeniu szko\u0142y podstawowej obowi\u0105zek nauki spe\u0142nia si\u0119 przez:<\/p>\n<p><\/p>\n<p>Ucz\u0119szczanie do publicznej lub niepublicznej szko\u0142y ponadpodstawowej;<\/p>\n<p>Realizowanie, zgodnie z odr\u0119bnymi przepisami, przygotowania zawodowego u&nbsp; pracodawcy;<\/p>\n<p>Zgodnie z art. 36 ust.12 ustawy Prawo o\u015bwiatowe ucze\u0144 kt\u00f3ry uko\u0144czy\u0142 szko\u0142\u0119 ponadpodstawow\u0105 przed uko\u0144czeniem 18 roku \u017cycia, mo\u017ce r\u00f3wnie\u017c spe\u0142ni\u0107 obowi\u0105zek nauki przez ucz\u0119szczanie do szko\u0142y wy\u017cszej lub na kwalifikacyjne kursy zawodowe.<\/p>\n<p>Zgodnie z art. 36 ust.10 ustawy Prawo O\u015bwiatowe, obowi\u0105zek, o kt\u00f3rym mowa w art. 31 ust. 4, obowi\u0105zek szkolny i obowi\u0105zek nauki mog\u0105 by\u0107 spe\u0142nianie r\u00f3wnie\u017c przez ucz\u0119szczanie odpowiednio do przedszkola lub szko\u0142y:<\/p>\n<p>Za granic\u0105, w tym na podstawie um\u00f3w mi\u0119dzynarodowych lub porozumie\u0144 o&nbsp; wsp\u00f3\u0142pracy bezpo\u015bredniej zawieranych przez szko\u0142y, jednostki samorz\u0105du terytorialnego i organy administracji rz\u0105dowej lub w ramach program\u00f3w edukacyjnych Unii Europejskiej;<\/p>\n<p>Przy przedstawicielstwie dyplomatycznym innego pa\u0144stwa w Polsce.<\/p>\n<p>Zgodnie z art. 36 ust.17 ustawy Prawo O\u015bwiatowe, za spe\u0142nienie obowi\u0105zku, o kt\u00f3rym mowa w art.31 ust.4, obowi\u0105zku szkolnego i obowi\u0105zku nauki uznaje si\u0119 r\u00f3wnie\u017c udzia\u0142 dzieci i&nbsp;&nbsp; m\u0142odzie\u017cy z niepe\u0142nosprawno\u015bci\u0105 intelektualn\u0105 w stopniu g\u0142\u0119bokim w zaj\u0119ciach rewalidacyjno-wychowawczych, organizowanych zgodnie z odr\u0119bnymi przepisami.<\/p>\n<p><\/p>\n<p>Zgodnie z art. 37 ust.1 ustawy Prawo O\u015bwiatowe na wniosek rodzic\u00f3w dyrektor odpowiednio publicznego lub niepublicznego przedszkola, szko\u0142y podstawowej lub szko\u0142y ponadpodstawowej, do kt\u00f3rej dziecko zosta\u0142o przyj\u0119te, mo\u017ce zezwoli\u0107, w drodze decyzji, na spe\u0142nianie przez dziecko odpowiednio obowi\u0105zku, o kt\u00f3rym mowa w art.31 ust. 4, poza przedszkolem, oddzia\u0142em przedszkolnym w szkole podstawowej lub inn\u0105 form\u0105 wychowania przedszkolnego i obowi\u0105zku szkolnego lub obowi\u0105zku nauki poza szko\u0142\u0105.<\/p>\n<p>Zgodnie z art. 42 ust.1 ustawy Prawo O\u015bwiatowe, niespe\u0142nianie obowi\u0105zku, o kt\u00f3rym mowa w&nbsp;&nbsp; art. 31 ust.4, obowi\u0105zku szkolnego lub obowi\u0105zku nauki podlega egzekucji w trybie przepis\u00f3w o post\u0119powaniu egzekucyjnym w administracji.<\/p>\n<p>Przez niespe\u0142nianie obowi\u0105zku, o kt\u00f3rym mowa w art.31 ust.4, obowi\u0105zku szkolnego lub obowi\u0105zku nauki nale\u017cy rozumie\u0107 nieusprawiedliwion\u0105 nieobecno\u015b\u0107 w okresie jednego miesi\u0105ca na co najmniej 50%:<\/p>\n<p>Dni zaj\u0119\u0107 w przedszkolu, oddziale przedszkolnym w szkole podstawowej, innej formie wychowania przedszkolnego, szkole podstawowej, szkole ponadpodstawowej lub plac\u00f3wce;<\/p>\n<p>Zaj\u0119\u0107 w przypadku spe\u0142niania obowi\u0105zku nauki w spos\u00f3b okre\u015blony w art.36 ust.9 pkt 2 i&nbsp;w&nbsp; przepisach wydanych na podstawie art.36 ust.16<\/p>\n<p>Zgodnie z art.40 ust.2 ustawy Prawo o\u015bwiatowe, rodzice dziecka podlegaj\u0105cego obowi\u0105zkowi nauki, na \u017c\u0105danie w\u00f3jta gminy(burmistrza, prezydenta miasta), na terenie kt\u00f3rej dziecko mieszka, s\u0105 obowi\u0105zani informowa\u0107 go o formie spe\u0142niania obowi\u0105zku nauki przez dziecko i&nbsp;&nbsp; zmianach w tym zakresie.<\/p>\n<p><\/p>\n<p>Rodzice dziecka realizuj\u0105cego obowi\u0105zek szkolny lub obowi\u0105zek nauki poza szko\u0142\u0105 na podstawie zezwolenia, o kt\u00f3rym mowa w art.37 ust.1, s\u0105 obowi\u0105zani do zapewnienia dziecku warunk\u00f3w nauki okre\u015blonych w tym zezwoleniu.<\/p>\t\t\t\t\t\t<\/div>\n\t\t\t\t<\/div>\n\t\t\t\t\t<\/div>\n\t\t<\/div>\n\t\t\t\t\t<\/div>\n\t\t<\/section>\n\t\t\t\t<section class=\"elementor-section elementor-top-section elementor-element elementor-element-5907ebe elementor-section-boxed elementor-section-height-default elementor-section-height-default\" data-id=\"5907ebe\" data-element_type=\"section\">\n\t\t\t\t\t\t<div class=\"elementor-container elementor-column-gap-default\">\n\t\t\t\t\t<div class=\"elementor-column elementor-col-100 elementor-top-column elementor-element elementor-element-c20d6b3\" data-id=\"c20d6b3\" data-element_type=\"column\">\n\t\t\t<div class=\"elementor-widget-wrap elementor-element-populated\">\n\t\t\t\t\t\t<div class=\"elementor-element elementor-element-fb5fec6 elementor-widget elementor-widget-text-editor\" data-id=\"fb5fec6\" data-element_type=\"widget\" data-widget_type=\"text-editor.default\">\n\t\t\t\t<div class=\"elementor-widget-container\">\n\t\t\t\t\t\t\t<p><a href=\"http:\/\/bip.asiis.edu.pl\/wp-content\/uploads\/2021\/01\/tytul-wykonawczy.docx\">tytu\u0142 wykonawczy<\/a><\/p>\n<p><a href=\"http:\/\/bip.asiis.edu.pl\/wp-content\/uploads\/2021\/01\/Zawiadomienie-o-spelnianiu-obowiazku-nauki.doc\">Zawiadomienie o spe\u0142nianiu obowi\u0105zku nauki<\/a><\/p>\t\t\t\t\t\t<\/div>\n\t\t\t\t<\/div>\n\t\t\t\t\t<\/div>\n\t\t<\/div>\n\t\t\t\t\t<\/div>\n\t\t<\/section>\n\t\t\t\t<\/div>\n\t\t","protected":false},"excerpt":{"rendered":"<p>EGZEKUCJA OBOWI\u0104ZKU: ROCZNEGO PRZYGOTOWANIA PRZEDSZKOLNEGO, SZKOLNEGO LUB NAUKI &nbsp; PODSTAWA PRAWNA: Ustawa z dnia 14 grudnia 2016 r. Prawo O\u015bwiatowe, zwana dalej ,,Prawo O\u015bwiatowe\u201d Ustawa z dnia 17 czerwca 1966 r. o post\u0119powaniu egzekucyjnym w administracji, zwana dalej \u201eustaw\u0105 egzekucyjn\u0105\u201d. Zgodnie z art. 35 ust. 1 ustawy Prawo o\u015bwiatowe, nauka jest obowi\u0105zkowa do uko\u0144czenia 18 [&hellip;]<\/p>\n","protected":false},"author":1,"featured_media":0,"parent":0,"menu_order":0,"comment_status":"closed","ping_status":"closed","template":"","meta":{"footnotes":""},"class_list":["post-104","page","type-page","status-publish","hentry"],"_links":{"self":[{"href":"http:\/\/bip.asiis.edu.pl\/index.php?rest_route=\/wp\/v2\/pages\/104","targetHints":{"allow":["GET"]}}],"collection":[{"href":"http:\/\/bip.asiis.edu.pl\/index.php?rest_route=\/wp\/v2\/pages"}],"about":[{"href":"http:\/\/bip.asiis.edu.pl\/index.php?rest_route=\/wp\/v2\/types\/page"}],"author":[{"embeddable":true,"href":"http:\/\/bip.asiis.edu.pl\/index.php?rest_route=\/wp\/v2\/users\/1"}],"replies":[{"embeddable":true,"href":"http:\/\/bip.asiis.edu.pl\/index.php?rest_route=%2Fwp%2Fv2%2Fcomments&post=104"}],"version-history":[{"count":19,"href":"http:\/\/bip.asiis.edu.pl\/index.php?rest_route=\/wp\/v2\/pages\/104\/revisions"}],"predecessor-version":[{"id":1250,"href":"http:\/\/bip.asiis.edu.pl\/index.php?rest_route=\/wp\/v2\/pages\/104\/revisions\/1250"}],"wp:attachment":[{"href":"http:\/\/bip.asiis.edu.pl\/index.php?rest_route=%2Fwp%2Fv2%2Fmedia&parent=104"}],"curies":[{"name":"wp","href":"https:\/\/api.w.org\/{rel}","templated":true}]}}